{"id":793,"date":"2021-04-11T20:26:39","date_gmt":"2021-04-11T19:26:39","guid":{"rendered":"https:\/\/policemusee.lu\/?page_id=793"},"modified":"2025-01-10T12:01:38","modified_gmt":"2025-01-10T11:01:38","slug":"batiments","status":"publish","type":"page","link":"https:\/\/policemusee.lu\/?page_id=793","title":{"rendered":"B\u00e2timents"},"content":{"rendered":"\t\t<div data-elementor-type=\"wp-page\" data-elementor-id=\"793\" class=\"elementor elementor-793\">\n\t\t\t\t\t\t<section class=\"elementor-section elementor-top-section elementor-element elementor-element-29bc610a elementor-section-content-middle elementor-section-boxed elementor-section-height-default elementor-section-height-default\" data-id=\"29bc610a\" data-element_type=\"section\" data-e-type=\"section\" data-settings=\"{&quot;background_background&quot;:&quot;classic&quot;}\">\n\t\t\t\t\t\t\t<div class=\"elementor-background-overlay\"><\/div>\n\t\t\t\t\t\t\t<div class=\"elementor-container elementor-column-gap-no\">\n\t\t\t\t\t<div class=\"elementor-column elementor-col-100 elementor-top-column elementor-element elementor-element-5fecfd25\" data-id=\"5fecfd25\" data-element_type=\"column\" data-e-type=\"column\">\n\t\t\t<div class=\"elementor-widget-wrap elementor-element-populated\">\n\t\t\t\t\t\t<section class=\"elementor-section elementor-inner-section elementor-element elementor-element-a6c468c elementor-section-boxed elementor-section-height-default elementor-section-height-default\" data-id=\"a6c468c\" data-element_type=\"section\" data-e-type=\"section\">\n\t\t\t\t\t\t<div class=\"elementor-container elementor-column-gap-default\">\n\t\t\t\t\t<div class=\"elementor-column elementor-col-50 elementor-inner-column elementor-element elementor-element-630e663c\" data-id=\"630e663c\" data-element_type=\"column\" data-e-type=\"column\">\n\t\t\t<div class=\"elementor-widget-wrap elementor-element-populated\">\n\t\t\t\t\t\t<div class=\"elementor-element elementor-element-10d31bb9 elementor-widget elementor-widget-heading\" data-id=\"10d31bb9\" data-element_type=\"widget\" data-e-type=\"widget\" data-widget_type=\"heading.default\">\n\t\t\t\t<div class=\"elementor-widget-container\">\n\t\t\t\t\t<h6 class=\"elementor-heading-title elementor-size-default\">B\u00e2timents<\/h6>\t\t\t\t<\/div>\n\t\t\t\t<\/div>\n\t\t\t\t\t<\/div>\n\t\t<\/div>\n\t\t\t\t<div class=\"elementor-column elementor-col-50 elementor-inner-column elementor-element elementor-element-4569bca9\" data-id=\"4569bca9\" data-element_type=\"column\" data-e-type=\"column\">\n\t\t\t<div class=\"elementor-widget-wrap elementor-element-populated\">\n\t\t\t\t\t\t<div class=\"elementor-element elementor-element-69b99bd5 elementor-widget-divider--view-line elementor-widget elementor-widget-divider\" data-id=\"69b99bd5\" data-element_type=\"widget\" data-e-type=\"widget\" data-widget_type=\"divider.default\">\n\t\t\t\t<div class=\"elementor-widget-container\">\n\t\t\t\t\t\t\t<div class=\"elementor-divider\">\n\t\t\t<span class=\"elementor-divider-separator\">\n\t\t\t\t\t\t<\/span>\n\t\t<\/div>\n\t\t\t\t\t\t<\/div>\n\t\t\t\t<\/div>\n\t\t\t\t\t<\/div>\n\t\t<\/div>\n\t\t\t\t\t<\/div>\n\t\t<\/section>\n\t\t\t\t<div class=\"elementor-element elementor-element-6ab10b67 elementor-widget elementor-widget-heading\" data-id=\"6ab10b67\" data-element_type=\"widget\" data-e-type=\"widget\" data-widget_type=\"heading.default\">\n\t\t\t\t<div class=\"elementor-widget-container\">\n\t\t\t\t\t<h2 class=\"elementor-heading-title elementor-size-default\">B\u00e2timents administratifs de la GENDARMERIE et POLICE<\/h2>\t\t\t\t<\/div>\n\t\t\t\t<\/div>\n\t\t\t\t<div class=\"elementor-element elementor-element-4c86dac8 elementor-widget elementor-widget-text-editor\" data-id=\"4c86dac8\" data-element_type=\"widget\" data-e-type=\"widget\" data-widget_type=\"text-editor.default\">\n\t\t\t\t<div class=\"elementor-widget-container\">\n\t\t\t\t\t\t\t\t\t<p>Les principaux b\u00e2timents administratifs se situent sur le site : Verlorenkost\u00a0<\/p>\t\t\t\t\t\t\t\t<\/div>\n\t\t\t\t<\/div>\n\t\t\t\t\t<\/div>\n\t\t<\/div>\n\t\t\t\t\t<\/div>\n\t\t<\/section>\n\t\t\t\t<section class=\"elementor-section elementor-top-section elementor-element elementor-element-718eda37 elementor-reverse-mobile elementor-section-boxed elementor-section-height-default elementor-section-height-default\" data-id=\"718eda37\" data-element_type=\"section\" data-e-type=\"section\" data-settings=\"{&quot;background_background&quot;:&quot;classic&quot;}\">\n\t\t\t\t\t\t<div class=\"elementor-container elementor-column-gap-default\">\n\t\t\t\t\t<div class=\"elementor-column elementor-col-100 elementor-top-column elementor-element elementor-element-4bf5d3c0\" data-id=\"4bf5d3c0\" data-element_type=\"column\" data-e-type=\"column\">\n\t\t\t<div class=\"elementor-widget-wrap\">\n\t\t\t\t\t\t\t<\/div>\n\t\t<\/div>\n\t\t\t\t\t<\/div>\n\t\t<\/section>\n\t\t\t\t<section class=\"elementor-section elementor-top-section elementor-element elementor-element-050ad16 elementor-reverse-mobile elementor-section-boxed elementor-section-height-default elementor-section-height-default\" data-id=\"050ad16\" data-element_type=\"section\" data-e-type=\"section\" data-settings=\"{&quot;background_background&quot;:&quot;classic&quot;}\">\n\t\t\t\t\t\t<div class=\"elementor-container elementor-column-gap-default\">\n\t\t\t\t\t<div class=\"elementor-column elementor-col-100 elementor-top-column elementor-element elementor-element-a18dc76\" data-id=\"a18dc76\" data-element_type=\"column\" data-e-type=\"column\">\n\t\t\t<div class=\"elementor-widget-wrap elementor-element-populated\">\n\t\t\t\t\t\t<div class=\"elementor-element elementor-element-77fe5aa elementor-widget elementor-widget-heading\" data-id=\"77fe5aa\" data-element_type=\"widget\" data-e-type=\"widget\" data-widget_type=\"heading.default\">\n\t\t\t\t<div class=\"elementor-widget-container\">\n\t\t\t\t\t<h2 class=\"elementor-heading-title elementor-size-default\">Virtual 3D Museum tour<\/h2>\t\t\t\t<\/div>\n\t\t\t\t<\/div>\n\t\t\t\t\t<\/div>\n\t\t<\/div>\n\t\t\t\t\t<\/div>\n\t\t<\/section>\n\t\t\t\t<section class=\"elementor-section elementor-top-section elementor-element elementor-element-53a869b elementor-reverse-mobile elementor-section-boxed elementor-section-height-default elementor-section-height-default\" data-id=\"53a869b\" data-element_type=\"section\" data-e-type=\"section\" data-settings=\"{&quot;background_background&quot;:&quot;classic&quot;}\">\n\t\t\t\t\t\t<div class=\"elementor-container elementor-column-gap-default\">\n\t\t\t\t\t<div class=\"elementor-column elementor-col-100 elementor-top-column elementor-element elementor-element-3c1e0a6\" data-id=\"3c1e0a6\" data-element_type=\"column\" data-e-type=\"column\">\n\t\t\t<div class=\"elementor-widget-wrap elementor-element-populated\">\n\t\t\t\t\t\t<div class=\"elementor-element elementor-element-8c26aac elementor-widget elementor-widget-image\" data-id=\"8c26aac\" data-element_type=\"widget\" data-e-type=\"widget\" data-widget_type=\"image.default\">\n\t\t\t\t<div class=\"elementor-widget-container\">\n\t\t\t\t\t\t\t\t\t\t\t\t\t\t\t<img fetchpriority=\"high\" decoding=\"async\" width=\"1024\" height=\"512\" src=\"https:\/\/policemusee.lu\/wp-content\/uploads\/2021\/12\/20210323-095456-1024x512.jpg\" class=\"attachment-large size-large wp-image-1933\" alt=\"\" srcset=\"https:\/\/policemusee.lu\/wp-content\/uploads\/2021\/12\/20210323-095456-1024x512.jpg 1024w, https:\/\/policemusee.lu\/wp-content\/uploads\/2021\/12\/20210323-095456-300x150.jpg 300w, https:\/\/policemusee.lu\/wp-content\/uploads\/2021\/12\/20210323-095456-768x384.jpg 768w, https:\/\/policemusee.lu\/wp-content\/uploads\/2021\/12\/20210323-095456-1536x768.jpg 1536w, https:\/\/policemusee.lu\/wp-content\/uploads\/2021\/12\/20210323-095456-2048x1024.jpg 2048w\" sizes=\"(max-width: 1024px) 100vw, 1024px\" \/>\t\t\t\t\t\t\t\t\t\t\t\t\t\t\t<\/div>\n\t\t\t\t<\/div>\n\t\t\t\t\t<\/div>\n\t\t<\/div>\n\t\t\t\t\t<\/div>\n\t\t<\/section>\n\t\t\t\t<section class=\"elementor-section elementor-top-section elementor-element elementor-element-1948116 elementor-reverse-mobile elementor-section-boxed elementor-section-height-default elementor-section-height-default\" data-id=\"1948116\" data-element_type=\"section\" data-e-type=\"section\" data-settings=\"{&quot;background_background&quot;:&quot;classic&quot;}\">\n\t\t\t\t\t\t<div class=\"elementor-container elementor-column-gap-default\">\n\t\t\t\t\t<div class=\"elementor-column elementor-col-100 elementor-top-column elementor-element elementor-element-b6d3bbb\" data-id=\"b6d3bbb\" data-element_type=\"column\" data-e-type=\"column\">\n\t\t\t<div class=\"elementor-widget-wrap elementor-element-populated\">\n\t\t\t\t\t\t<section class=\"elementor-section elementor-inner-section elementor-element elementor-element-712a691d elementor-section-content-middle elementor-reverse-mobile elementor-section-boxed elementor-section-height-default elementor-section-height-default\" data-id=\"712a691d\" data-element_type=\"section\" data-e-type=\"section\">\n\t\t\t\t\t\t<div class=\"elementor-container elementor-column-gap-default\">\n\t\t\t\t\t<div class=\"elementor-column elementor-col-50 elementor-inner-column elementor-element elementor-element-4afb6904\" data-id=\"4afb6904\" data-element_type=\"column\" data-e-type=\"column\">\n\t\t\t<div class=\"elementor-widget-wrap elementor-element-populated\">\n\t\t\t\t\t\t<div class=\"elementor-element elementor-element-487e51b elementor-widget elementor-widget-image\" data-id=\"487e51b\" data-element_type=\"widget\" data-e-type=\"widget\" data-widget_type=\"image.default\">\n\t\t\t\t<div class=\"elementor-widget-container\">\n\t\t\t\t\t\t\t\t\t\t\t\t\t\t\t<img decoding=\"async\" width=\"1024\" height=\"678\" src=\"https:\/\/policemusee.lu\/wp-content\/uploads\/2023\/05\/DSC_0977-1024x678.jpg\" class=\"attachment-large size-large wp-image-3548\" alt=\"\" srcset=\"https:\/\/policemusee.lu\/wp-content\/uploads\/2023\/05\/DSC_0977-1024x678.jpg 1024w, https:\/\/policemusee.lu\/wp-content\/uploads\/2023\/05\/DSC_0977-300x199.jpg 300w, https:\/\/policemusee.lu\/wp-content\/uploads\/2023\/05\/DSC_0977-768x509.jpg 768w, https:\/\/policemusee.lu\/wp-content\/uploads\/2023\/05\/DSC_0977-1536x1017.jpg 1536w, https:\/\/policemusee.lu\/wp-content\/uploads\/2023\/05\/DSC_0977-2048x1356.jpg 2048w, https:\/\/policemusee.lu\/wp-content\/uploads\/2023\/05\/DSC_0977-18x12.jpg 18w\" sizes=\"(max-width: 1024px) 100vw, 1024px\" \/>\t\t\t\t\t\t\t\t\t\t\t\t\t\t\t<\/div>\n\t\t\t\t<\/div>\n\t\t\t\t\t<\/div>\n\t\t<\/div>\n\t\t\t\t<div class=\"elementor-column elementor-col-50 elementor-inner-column elementor-element elementor-element-683f3933\" data-id=\"683f3933\" data-element_type=\"column\" data-e-type=\"column\">\n\t\t\t<div class=\"elementor-widget-wrap elementor-element-populated\">\n\t\t\t\t\t\t<div class=\"elementor-element elementor-element-62c51a9f elementor-widget elementor-widget-heading\" data-id=\"62c51a9f\" data-element_type=\"widget\" data-e-type=\"widget\" data-widget_type=\"heading.default\">\n\t\t\t\t<div class=\"elementor-widget-container\">\n\t\t\t\t\t<h3 class=\"elementor-heading-title elementor-size-default\">Ecole de Gendarmerie du III. Reich \u00e0 Freiburg im Breisgau<\/h3>\t\t\t\t<\/div>\n\t\t\t\t<\/div>\n\t\t\t\t<div class=\"elementor-element elementor-element-2cb24463 elementor-widget elementor-widget-heading\" data-id=\"2cb24463\" data-element_type=\"widget\" data-e-type=\"widget\" data-widget_type=\"heading.default\">\n\t\t\t\t<div class=\"elementor-widget-container\">\n\t\t\t\t\t<h6 class=\"elementor-heading-title elementor-size-default\"><a href=\"https:\/\/www.rtl.lu\/news\/national\/a\/1336315.html\">Ecole servant \u00e0 former les gendarmes luxembourgeois pour les id\u00e9ologies des nazis\n(plus d\u00b4informations suivront)<\/a><\/h6>\t\t\t\t<\/div>\n\t\t\t\t<\/div>\n\t\t\t\t<div class=\"elementor-element elementor-element-153695fa elementor-icon-list--layout-traditional elementor-list-item-link-full_width elementor-widget elementor-widget-icon-list\" data-id=\"153695fa\" data-element_type=\"widget\" data-e-type=\"widget\" data-widget_type=\"icon-list.default\">\n\t\t\t\t<div class=\"elementor-widget-container\">\n\t\t\t\t\t\t\t<ul class=\"elementor-icon-list-items\">\n\t\t\t\t\t\t\t<li class=\"elementor-icon-list-item\">\n\t\t\t\t\t\t\t\t\t\t\t<a href=\"https:\/\/www.rtl.lu\/news\/national\/a\/1336315.html\">\n\n\t\t\t\t\t\t\t\t\t\t\t\t<span class=\"elementor-icon-list-icon\">\n\t\t\t\t\t\t\t<i aria-hidden=\"true\" class=\"fas fa-minus\"><\/i>\t\t\t\t\t\t<\/span>\n\t\t\t\t\t\t\t\t\t\t<span class=\"elementor-icon-list-text\">Sch\u00fctzenallee, 31<\/span>\n\t\t\t\t\t\t\t\t\t\t\t<\/a>\n\t\t\t\t\t\t\t\t\t<\/li>\n\t\t\t\t\t\t<\/ul>\n\t\t\t\t\t\t<\/div>\n\t\t\t\t<\/div>\n\t\t\t\t\t<\/div>\n\t\t<\/div>\n\t\t\t\t\t<\/div>\n\t\t<\/section>\n\t\t\t\t\t<\/div>\n\t\t<\/div>\n\t\t\t\t\t<\/div>\n\t\t<\/section>\n\t\t\t\t<section class=\"elementor-section elementor-top-section elementor-element elementor-element-c45f802 elementor-reverse-mobile elementor-section-boxed elementor-section-height-default elementor-section-height-default\" data-id=\"c45f802\" data-element_type=\"section\" data-e-type=\"section\" data-settings=\"{&quot;background_background&quot;:&quot;classic&quot;}\">\n\t\t\t\t\t\t<div class=\"elementor-container elementor-column-gap-default\">\n\t\t\t\t\t<div class=\"elementor-column elementor-col-100 elementor-top-column elementor-element elementor-element-91c39eb\" data-id=\"91c39eb\" data-element_type=\"column\" data-e-type=\"column\">\n\t\t\t<div class=\"elementor-widget-wrap elementor-element-populated\">\n\t\t\t\t\t\t<section class=\"elementor-section elementor-inner-section elementor-element elementor-element-4a50b23 elementor-section-content-middle elementor-reverse-mobile elementor-section-boxed elementor-section-height-default elementor-section-height-default\" data-id=\"4a50b23\" data-element_type=\"section\" data-e-type=\"section\">\n\t\t\t\t\t\t<div class=\"elementor-container elementor-column-gap-default\">\n\t\t\t\t\t<div class=\"elementor-column elementor-col-50 elementor-inner-column elementor-element elementor-element-11d10d9\" data-id=\"11d10d9\" data-element_type=\"column\" data-e-type=\"column\">\n\t\t\t<div class=\"elementor-widget-wrap elementor-element-populated\">\n\t\t\t\t\t\t<div class=\"elementor-element elementor-element-00c662b elementor-widget elementor-widget-image\" data-id=\"00c662b\" data-element_type=\"widget\" data-e-type=\"widget\" data-widget_type=\"image.default\">\n\t\t\t\t<div class=\"elementor-widget-container\">\n\t\t\t\t\t\t\t\t\t\t\t\t\t\t\t<img decoding=\"async\" width=\"1024\" height=\"681\" src=\"https:\/\/policemusee.lu\/wp-content\/uploads\/2023\/07\/BrigadeHeiderscheid-1-1024x681.jpg\" class=\"attachment-large size-large wp-image-3917\" alt=\"\" srcset=\"https:\/\/policemusee.lu\/wp-content\/uploads\/2023\/07\/BrigadeHeiderscheid-1-1024x681.jpg 1024w, https:\/\/policemusee.lu\/wp-content\/uploads\/2023\/07\/BrigadeHeiderscheid-1-300x199.jpg 300w, https:\/\/policemusee.lu\/wp-content\/uploads\/2023\/07\/BrigadeHeiderscheid-1-768x511.jpg 768w, https:\/\/policemusee.lu\/wp-content\/uploads\/2023\/07\/BrigadeHeiderscheid-1-1536x1021.jpg 1536w, https:\/\/policemusee.lu\/wp-content\/uploads\/2023\/07\/BrigadeHeiderscheid-1-2048x1362.jpg 2048w, https:\/\/policemusee.lu\/wp-content\/uploads\/2023\/07\/BrigadeHeiderscheid-1-18x12.jpg 18w\" sizes=\"(max-width: 1024px) 100vw, 1024px\" \/>\t\t\t\t\t\t\t\t\t\t\t\t\t\t\t<\/div>\n\t\t\t\t<\/div>\n\t\t\t\t\t<\/div>\n\t\t<\/div>\n\t\t\t\t<div class=\"elementor-column elementor-col-50 elementor-inner-column elementor-element elementor-element-d301bd8\" data-id=\"d301bd8\" data-element_type=\"column\" data-e-type=\"column\">\n\t\t\t<div class=\"elementor-widget-wrap elementor-element-populated\">\n\t\t\t\t\t\t<div class=\"elementor-element elementor-element-b43512c elementor-widget elementor-widget-heading\" data-id=\"b43512c\" data-element_type=\"widget\" data-e-type=\"widget\" data-widget_type=\"heading.default\">\n\t\t\t\t<div class=\"elementor-widget-container\">\n\t\t\t\t\t<h3 class=\"elementor-heading-title elementor-size-default\">Heiderscheid<\/h3>\t\t\t\t<\/div>\n\t\t\t\t<\/div>\n\t\t\t\t<div class=\"elementor-element elementor-element-a70bbf8 elementor-widget elementor-widget-heading\" data-id=\"a70bbf8\" data-element_type=\"widget\" data-e-type=\"widget\" data-widget_type=\"heading.default\">\n\t\t\t\t<div class=\"elementor-widget-container\">\n\t\t\t\t\t<h6 class=\"elementor-heading-title elementor-size-default\"><a href=\"https:\/\/www.rtl.lu\/news\/national\/a\/1336315.html\">L\u00b4ancienne brigade de Gendarmerie de Heiderscheid (bureaux et logement).\nActuellement bureaux  de la Police Grand-Ducale - commissariat Turelbach-.<\/a><\/h6>\t\t\t\t<\/div>\n\t\t\t\t<\/div>\n\t\t\t\t<div class=\"elementor-element elementor-element-1d9bea1 elementor-icon-list--layout-traditional elementor-list-item-link-full_width elementor-widget elementor-widget-icon-list\" data-id=\"1d9bea1\" data-element_type=\"widget\" data-e-type=\"widget\" data-widget_type=\"icon-list.default\">\n\t\t\t\t<div class=\"elementor-widget-container\">\n\t\t\t\t\t\t\t<ul class=\"elementor-icon-list-items\">\n\t\t\t\t\t\t\t<li class=\"elementor-icon-list-item\">\n\t\t\t\t\t\t\t\t\t\t\t<a href=\"https:\/\/www.rtl.lu\/news\/national\/a\/1336315.html\">\n\n\t\t\t\t\t\t\t\t\t\t\t\t<span class=\"elementor-icon-list-icon\">\n\t\t\t\t\t\t\t<i aria-hidden=\"true\" class=\"fas fa-minus\"><\/i>\t\t\t\t\t\t<\/span>\n\t\t\t\t\t\t\t\t\t\t<span class=\"elementor-icon-list-text\">1, Haaptstrooss L-9158 HEIDERSCHEID<\/span>\n\t\t\t\t\t\t\t\t\t\t\t<\/a>\n\t\t\t\t\t\t\t\t\t<\/li>\n\t\t\t\t\t\t<\/ul>\n\t\t\t\t\t\t<\/div>\n\t\t\t\t<\/div>\n\t\t\t\t\t<\/div>\n\t\t<\/div>\n\t\t\t\t\t<\/div>\n\t\t<\/section>\n\t\t\t\t<section class=\"elementor-section elementor-inner-section elementor-element elementor-element-88fb011 elementor-section-content-middle elementor-reverse-mobile elementor-section-boxed elementor-section-height-default elementor-section-height-default\" data-id=\"88fb011\" data-element_type=\"section\" data-e-type=\"section\">\n\t\t\t\t\t\t<div class=\"elementor-container elementor-column-gap-default\">\n\t\t\t\t\t<div class=\"elementor-column elementor-col-50 elementor-inner-column elementor-element elementor-element-a07c7ee\" data-id=\"a07c7ee\" data-element_type=\"column\" data-e-type=\"column\">\n\t\t\t<div class=\"elementor-widget-wrap elementor-element-populated\">\n\t\t\t\t\t\t<div class=\"elementor-element elementor-element-8874a34 elementor-widget elementor-widget-image\" data-id=\"8874a34\" data-element_type=\"widget\" data-e-type=\"widget\" data-widget_type=\"image.default\">\n\t\t\t\t<div class=\"elementor-widget-container\">\n\t\t\t\t\t\t\t\t\t\t\t\t\t\t\t<img loading=\"lazy\" decoding=\"async\" width=\"1024\" height=\"727\" src=\"https:\/\/policemusee.lu\/wp-content\/uploads\/2023\/09\/Brigade-Grosbous-1024x727.jpg\" class=\"attachment-large size-large wp-image-4061\" alt=\"\" srcset=\"https:\/\/policemusee.lu\/wp-content\/uploads\/2023\/09\/Brigade-Grosbous-1024x727.jpg 1024w, https:\/\/policemusee.lu\/wp-content\/uploads\/2023\/09\/Brigade-Grosbous-300x213.jpg 300w, https:\/\/policemusee.lu\/wp-content\/uploads\/2023\/09\/Brigade-Grosbous-768x545.jpg 768w, https:\/\/policemusee.lu\/wp-content\/uploads\/2023\/09\/Brigade-Grosbous-1536x1091.jpg 1536w, https:\/\/policemusee.lu\/wp-content\/uploads\/2023\/09\/Brigade-Grosbous-2048x1454.jpg 2048w, https:\/\/policemusee.lu\/wp-content\/uploads\/2023\/09\/Brigade-Grosbous-18x12.jpg 18w\" sizes=\"(max-width: 1024px) 100vw, 1024px\" \/>\t\t\t\t\t\t\t\t\t\t\t\t\t\t\t<\/div>\n\t\t\t\t<\/div>\n\t\t\t\t\t<\/div>\n\t\t<\/div>\n\t\t\t\t<div class=\"elementor-column elementor-col-50 elementor-inner-column elementor-element elementor-element-3302603\" data-id=\"3302603\" data-element_type=\"column\" data-e-type=\"column\">\n\t\t\t<div class=\"elementor-widget-wrap elementor-element-populated\">\n\t\t\t\t\t\t<div class=\"elementor-element elementor-element-6515c3b elementor-widget elementor-widget-heading\" data-id=\"6515c3b\" data-element_type=\"widget\" data-e-type=\"widget\" data-widget_type=\"heading.default\">\n\t\t\t\t<div class=\"elementor-widget-container\">\n\t\t\t\t\t<h3 class=\"elementor-heading-title elementor-size-default\">Grosbous<\/h3>\t\t\t\t<\/div>\n\t\t\t\t<\/div>\n\t\t\t\t<div class=\"elementor-element elementor-element-4ffda23 elementor-widget elementor-widget-heading\" data-id=\"4ffda23\" data-element_type=\"widget\" data-e-type=\"widget\" data-widget_type=\"heading.default\">\n\t\t\t\t<div class=\"elementor-widget-container\">\n\t\t\t\t\t<h6 class=\"elementor-heading-title elementor-size-default\"><a href=\"https:\/\/www.rtl.lu\/news\/national\/a\/1336315.html\">L\u00b4ancienne brigade de Gendarmerie de Grosbous (bureaux et logement).\nA partir de 2000 bureaux  de la Police Grand-Ducale - commissariat Turelbach-.<\/a><\/h6>\t\t\t\t<\/div>\n\t\t\t\t<\/div>\n\t\t\t\t<div class=\"elementor-element elementor-element-8cde0d4 elementor-icon-list--layout-traditional elementor-list-item-link-full_width elementor-widget elementor-widget-icon-list\" data-id=\"8cde0d4\" data-element_type=\"widget\" data-e-type=\"widget\" data-widget_type=\"icon-list.default\">\n\t\t\t\t<div class=\"elementor-widget-container\">\n\t\t\t\t\t\t\t<ul class=\"elementor-icon-list-items\">\n\t\t\t\t\t\t\t<li class=\"elementor-icon-list-item\">\n\t\t\t\t\t\t\t\t\t\t\t<a href=\"https:\/\/www.rtl.lu\/news\/national\/a\/1336315.html\">\n\n\t\t\t\t\t\t\t\t\t\t\t\t<span class=\"elementor-icon-list-icon\">\n\t\t\t\t\t\t\t<i aria-hidden=\"true\" class=\"fas fa-minus\"><\/i>\t\t\t\t\t\t<\/span>\n\t\t\t\t\t\t\t\t\t\t<span class=\"elementor-icon-list-text\">41, rue d\u00b4Ettelbruck   L-9154 GROSBOUS<\/span>\n\t\t\t\t\t\t\t\t\t\t\t<\/a>\n\t\t\t\t\t\t\t\t\t<\/li>\n\t\t\t\t\t\t<\/ul>\n\t\t\t\t\t\t<\/div>\n\t\t\t\t<\/div>\n\t\t\t\t\t<\/div>\n\t\t<\/div>\n\t\t\t\t\t<\/div>\n\t\t<\/section>\n\t\t\t\t\t<\/div>\n\t\t<\/div>\n\t\t\t\t\t<\/div>\n\t\t<\/section>\n\t\t\t\t<section class=\"elementor-section elementor-top-section elementor-element elementor-element-28edf20 elementor-reverse-mobile elementor-section-boxed elementor-section-height-default elementor-section-height-default\" data-id=\"28edf20\" data-element_type=\"section\" data-e-type=\"section\" data-settings=\"{&quot;background_background&quot;:&quot;classic&quot;}\">\n\t\t\t\t\t\t<div class=\"elementor-container elementor-column-gap-default\">\n\t\t\t\t\t<div class=\"elementor-column elementor-col-100 elementor-top-column elementor-element elementor-element-b9d8df2\" data-id=\"b9d8df2\" data-element_type=\"column\" data-e-type=\"column\">\n\t\t\t<div class=\"elementor-widget-wrap elementor-element-populated\">\n\t\t\t\t\t\t<section class=\"elementor-section elementor-inner-section elementor-element elementor-element-8aa1da3 elementor-section-content-middle elementor-reverse-mobile elementor-section-boxed elementor-section-height-default elementor-section-height-default\" data-id=\"8aa1da3\" data-element_type=\"section\" data-e-type=\"section\">\n\t\t\t\t\t\t<div class=\"elementor-container elementor-column-gap-default\">\n\t\t\t\t\t<div class=\"elementor-column elementor-col-50 elementor-inner-column elementor-element elementor-element-a95fd13\" data-id=\"a95fd13\" data-element_type=\"column\" data-e-type=\"column\">\n\t\t\t<div class=\"elementor-widget-wrap elementor-element-populated\">\n\t\t\t\t\t\t<div class=\"elementor-element elementor-element-9324a76 elementor-widget elementor-widget-image\" data-id=\"9324a76\" data-element_type=\"widget\" data-e-type=\"widget\" data-widget_type=\"image.default\">\n\t\t\t\t<div class=\"elementor-widget-container\">\n\t\t\t\t\t\t\t\t\t\t\t\t\t\t\t<img decoding=\"async\" src=\"https:\/\/policemusee.lu\/wp-content\/uploads\/2023\/05\/20220607_085134-scaled.jpg\" title=\"\" alt=\"\" loading=\"lazy\" \/>\t\t\t\t\t\t\t\t\t\t\t\t\t\t\t<\/div>\n\t\t\t\t<\/div>\n\t\t\t\t\t<\/div>\n\t\t<\/div>\n\t\t\t\t<div class=\"elementor-column elementor-col-50 elementor-inner-column elementor-element elementor-element-7deb1c8\" data-id=\"7deb1c8\" data-element_type=\"column\" data-e-type=\"column\">\n\t\t\t<div class=\"elementor-widget-wrap elementor-element-populated\">\n\t\t\t\t\t\t<div class=\"elementor-element elementor-element-960d80f elementor-widget elementor-widget-heading\" data-id=\"960d80f\" data-element_type=\"widget\" data-e-type=\"widget\" data-widget_type=\"heading.default\">\n\t\t\t\t<div class=\"elementor-widget-container\">\n\t\t\t\t\t<h3 class=\"elementor-heading-title elementor-size-default\">Capellen<\/h3>\t\t\t\t<\/div>\n\t\t\t\t<\/div>\n\t\t\t\t<div class=\"elementor-element elementor-element-e8bb880 elementor-widget elementor-widget-heading\" data-id=\"e8bb880\" data-element_type=\"widget\" data-e-type=\"widget\" data-widget_type=\"heading.default\">\n\t\t\t\t<div class=\"elementor-widget-container\">\n\t\t\t\t\t<h6 class=\"elementor-heading-title elementor-size-default\"><a href=\"https:\/\/www.rtl.lu\/news\/national\/a\/1336315.html\">La nouvelle brigade de Gendarmerie de Capellen (bureaux et logement).\nActuellement bureaux du Mus\u00e9e de la Police Grand-Ducale.<\/a><\/h6>\t\t\t\t<\/div>\n\t\t\t\t<\/div>\n\t\t\t\t<div class=\"elementor-element elementor-element-10040ed elementor-icon-list--layout-traditional elementor-list-item-link-full_width elementor-widget elementor-widget-icon-list\" data-id=\"10040ed\" data-element_type=\"widget\" data-e-type=\"widget\" data-widget_type=\"icon-list.default\">\n\t\t\t\t<div class=\"elementor-widget-container\">\n\t\t\t\t\t\t\t<ul class=\"elementor-icon-list-items\">\n\t\t\t\t\t\t\t<li class=\"elementor-icon-list-item\">\n\t\t\t\t\t\t\t\t\t\t\t<a href=\"https:\/\/www.rtl.lu\/news\/national\/a\/1336315.html\">\n\n\t\t\t\t\t\t\t\t\t\t\t\t<span class=\"elementor-icon-list-icon\">\n\t\t\t\t\t\t\t<i aria-hidden=\"true\" class=\"fas fa-minus\"><\/i>\t\t\t\t\t\t<\/span>\n\t\t\t\t\t\t\t\t\t\t<span class=\"elementor-icon-list-text\">route d\u00b4Arlon, 21a<\/span>\n\t\t\t\t\t\t\t\t\t\t\t<\/a>\n\t\t\t\t\t\t\t\t\t<\/li>\n\t\t\t\t\t\t<\/ul>\n\t\t\t\t\t\t<\/div>\n\t\t\t\t<\/div>\n\t\t\t\t\t<\/div>\n\t\t<\/div>\n\t\t\t\t\t<\/div>\n\t\t<\/section>\n\t\t\t\t\t<\/div>\n\t\t<\/div>\n\t\t\t\t\t<\/div>\n\t\t<\/section>\n\t\t\t\t<section class=\"elementor-section elementor-top-section elementor-element elementor-element-5991164 elementor-reverse-mobile elementor-section-boxed elementor-section-height-default elementor-section-height-default\" data-id=\"5991164\" data-element_type=\"section\" data-e-type=\"section\" data-settings=\"{&quot;background_background&quot;:&quot;classic&quot;}\">\n\t\t\t\t\t\t<div class=\"elementor-container elementor-column-gap-default\">\n\t\t\t\t\t<div class=\"elementor-column elementor-col-100 elementor-top-column elementor-element elementor-element-b332e14\" data-id=\"b332e14\" data-element_type=\"column\" data-e-type=\"column\">\n\t\t\t<div class=\"elementor-widget-wrap elementor-element-populated\">\n\t\t\t\t\t\t<section class=\"elementor-section elementor-inner-section elementor-element elementor-element-4951634 elementor-section-content-middle elementor-reverse-mobile elementor-section-boxed elementor-section-height-default elementor-section-height-default\" data-id=\"4951634\" data-element_type=\"section\" data-e-type=\"section\">\n\t\t\t\t\t\t<div class=\"elementor-container elementor-column-gap-default\">\n\t\t\t\t\t<div class=\"elementor-column elementor-col-50 elementor-inner-column elementor-element elementor-element-6569d33\" data-id=\"6569d33\" data-element_type=\"column\" data-e-type=\"column\">\n\t\t\t<div class=\"elementor-widget-wrap elementor-element-populated\">\n\t\t\t\t\t\t<div class=\"elementor-element elementor-element-b0882c3 elementor-arrows-position-inside elementor-pagination-position-outside elementor-widget elementor-widget-image-carousel\" data-id=\"b0882c3\" data-element_type=\"widget\" data-e-type=\"widget\" data-settings=\"{&quot;navigation&quot;:&quot;both&quot;,&quot;autoplay&quot;:&quot;yes&quot;,&quot;pause_on_hover&quot;:&quot;yes&quot;,&quot;pause_on_interaction&quot;:&quot;yes&quot;,&quot;autoplay_speed&quot;:5000,&quot;infinite&quot;:&quot;yes&quot;,&quot;speed&quot;:500}\" data-widget_type=\"image-carousel.default\">\n\t\t\t\t<div class=\"elementor-widget-container\">\n\t\t\t\t\t\t\t<div class=\"elementor-image-carousel-wrapper swiper\" role=\"region\" aria-roledescription=\"carousel\" aria-label=\"Carrousel d\u2019images\" dir=\"ltr\">\n\t\t\t<div class=\"elementor-image-carousel swiper-wrapper\" aria-live=\"off\">\n\t\t\t\t\t\t\t\t<div class=\"swiper-slide\" role=\"group\" aria-roledescription=\"slide\" aria-label=\"1 sur 6\"><figure class=\"swiper-slide-inner\"><img decoding=\"async\" class=\"swiper-slide-image\" src=\"https:\/\/policemusee.lu\/wp-content\/uploads\/2023\/05\/20200610_100935-150x150.jpg\" alt=\"20200610_100935\" \/><\/figure><\/div><div class=\"swiper-slide\" role=\"group\" aria-roledescription=\"slide\" aria-label=\"2 sur 6\"><figure class=\"swiper-slide-inner\"><img decoding=\"async\" class=\"swiper-slide-image\" src=\"https:\/\/policemusee.lu\/wp-content\/uploads\/2023\/05\/20200610_100949-150x150.jpg\" alt=\"20200610_100949\" \/><\/figure><\/div><div class=\"swiper-slide\" role=\"group\" aria-roledescription=\"slide\" aria-label=\"3 sur 6\"><figure class=\"swiper-slide-inner\"><img decoding=\"async\" class=\"swiper-slide-image\" src=\"https:\/\/policemusee.lu\/wp-content\/uploads\/2023\/05\/20200610_101007-150x150.jpg\" alt=\"20200610_101007\" \/><\/figure><\/div><div class=\"swiper-slide\" role=\"group\" aria-roledescription=\"slide\" aria-label=\"4 sur 6\"><figure class=\"swiper-slide-inner\"><img decoding=\"async\" class=\"swiper-slide-image\" src=\"https:\/\/policemusee.lu\/wp-content\/uploads\/2023\/05\/20200610_101023-150x150.jpg\" alt=\"20200610_101023\" \/><\/figure><\/div><div class=\"swiper-slide\" role=\"group\" aria-roledescription=\"slide\" aria-label=\"5 sur 6\"><figure class=\"swiper-slide-inner\"><img decoding=\"async\" class=\"swiper-slide-image\" src=\"https:\/\/policemusee.lu\/wp-content\/uploads\/2023\/05\/20200610_101027-150x150.jpg\" alt=\"20200610_101027\" \/><\/figure><\/div><div class=\"swiper-slide\" role=\"group\" aria-roledescription=\"slide\" aria-label=\"6 sur 6\"><figure class=\"swiper-slide-inner\"><img decoding=\"async\" class=\"swiper-slide-image\" src=\"https:\/\/policemusee.lu\/wp-content\/uploads\/2023\/04\/Gie-Brigade-Capellen-scaled.jpg\" alt=\"\" \/><\/figure><\/div>\t\t\t<\/div>\n\t\t\t\t\t\t\t\t\t\t\t\t<div class=\"elementor-swiper-button elementor-swiper-button-prev\" role=\"button\" tabindex=\"0\">\n\t\t\t\t\t\t<i aria-hidden=\"true\" class=\"eicon-chevron-left\"><\/i>\t\t\t\t\t<\/div>\n\t\t\t\t\t<div class=\"elementor-swiper-button elementor-swiper-button-next\" role=\"button\" tabindex=\"0\">\n\t\t\t\t\t\t<i aria-hidden=\"true\" class=\"eicon-chevron-right\"><\/i>\t\t\t\t\t<\/div>\n\t\t\t\t\n\t\t\t\t\t\t\t\t\t<div class=\"swiper-pagination\"><\/div>\n\t\t\t\t\t\t\t\t\t<\/div>\n\t\t\t\t\t\t<\/div>\n\t\t\t\t<\/div>\n\t\t\t\t\t<\/div>\n\t\t<\/div>\n\t\t\t\t<div class=\"elementor-column elementor-col-50 elementor-inner-column elementor-element elementor-element-8894cd8\" data-id=\"8894cd8\" data-element_type=\"column\" data-e-type=\"column\">\n\t\t\t<div class=\"elementor-widget-wrap elementor-element-populated\">\n\t\t\t\t\t\t<div class=\"elementor-element elementor-element-2ef4f71 elementor-widget elementor-widget-heading\" data-id=\"2ef4f71\" data-element_type=\"widget\" data-e-type=\"widget\" data-widget_type=\"heading.default\">\n\t\t\t\t<div class=\"elementor-widget-container\">\n\t\t\t\t\t<h3 class=\"elementor-heading-title elementor-size-default\">Capellen<\/h3>\t\t\t\t<\/div>\n\t\t\t\t<\/div>\n\t\t\t\t<div class=\"elementor-element elementor-element-e9708e9 elementor-widget elementor-widget-heading\" data-id=\"e9708e9\" data-element_type=\"widget\" data-e-type=\"widget\" data-widget_type=\"heading.default\">\n\t\t\t\t<div class=\"elementor-widget-container\">\n\t\t\t\t\t<h6 class=\"elementor-heading-title elementor-size-default\">L\u00b4ancienne brigade de Gendarmerie de Capellen (bureaux et logements)\n\nactuellement commissariat de Police de Capellen<\/h6>\t\t\t\t<\/div>\n\t\t\t\t<\/div>\n\t\t\t\t<div class=\"elementor-element elementor-element-a7e756c elementor-icon-list--layout-traditional elementor-list-item-link-full_width elementor-widget elementor-widget-icon-list\" data-id=\"a7e756c\" data-element_type=\"widget\" data-e-type=\"widget\" data-widget_type=\"icon-list.default\">\n\t\t\t\t<div class=\"elementor-widget-container\">\n\t\t\t\t\t\t\t<ul class=\"elementor-icon-list-items\">\n\t\t\t\t\t\t\t<li class=\"elementor-icon-list-item\">\n\t\t\t\t\t\t\t\t\t\t\t<a href=\"https:\/\/www.rtl.lu\/news\/national\/a\/1336315.html\">\n\n\t\t\t\t\t\t\t\t\t\t\t\t<span class=\"elementor-icon-list-icon\">\n\t\t\t\t\t\t\t<i aria-hidden=\"true\" class=\"fas fa-minus\"><\/i>\t\t\t\t\t\t<\/span>\n\t\t\t\t\t\t\t\t\t\t<span class=\"elementor-icon-list-text\">route d\u00b4Arlon<\/span>\n\t\t\t\t\t\t\t\t\t\t\t<\/a>\n\t\t\t\t\t\t\t\t\t<\/li>\n\t\t\t\t\t\t<\/ul>\n\t\t\t\t\t\t<\/div>\n\t\t\t\t<\/div>\n\t\t\t\t\t<\/div>\n\t\t<\/div>\n\t\t\t\t\t<\/div>\n\t\t<\/section>\n\t\t\t\t\t<\/div>\n\t\t<\/div>\n\t\t\t\t\t<\/div>\n\t\t<\/section>\n\t\t\t\t<section class=\"elementor-section elementor-top-section elementor-element elementor-element-a2cf196 elementor-reverse-mobile elementor-section-boxed elementor-section-height-default elementor-section-height-default\" data-id=\"a2cf196\" data-element_type=\"section\" data-e-type=\"section\" data-settings=\"{&quot;background_background&quot;:&quot;classic&quot;}\">\n\t\t\t\t\t\t<div class=\"elementor-container elementor-column-gap-default\">\n\t\t\t\t\t<div class=\"elementor-column elementor-col-100 elementor-top-column elementor-element elementor-element-ba2feed\" data-id=\"ba2feed\" data-element_type=\"column\" data-e-type=\"column\">\n\t\t\t<div class=\"elementor-widget-wrap elementor-element-populated\">\n\t\t\t\t\t\t<section class=\"elementor-section elementor-inner-section elementor-element elementor-element-d1f06d9 elementor-section-content-middle elementor-reverse-mobile elementor-section-boxed elementor-section-height-default elementor-section-height-default\" data-id=\"d1f06d9\" data-element_type=\"section\" data-e-type=\"section\">\n\t\t\t\t\t\t<div class=\"elementor-container elementor-column-gap-default\">\n\t\t\t\t\t<div class=\"elementor-column elementor-col-50 elementor-inner-column elementor-element elementor-element-01f534d\" data-id=\"01f534d\" data-element_type=\"column\" data-e-type=\"column\">\n\t\t\t<div class=\"elementor-widget-wrap elementor-element-populated\">\n\t\t\t\t\t\t<div class=\"elementor-element elementor-element-b46092c elementor-widget elementor-widget-image\" data-id=\"b46092c\" data-element_type=\"widget\" data-e-type=\"widget\" data-widget_type=\"image.default\">\n\t\t\t\t<div class=\"elementor-widget-container\">\n\t\t\t\t\t\t\t\t\t\t\t\t\t\t\t<img loading=\"lazy\" decoding=\"async\" width=\"400\" height=\"290\" src=\"https:\/\/policemusee.lu\/wp-content\/uploads\/2021\/12\/lost-places.jpg\" class=\"attachment-large size-large wp-image-1864\" alt=\"\" srcset=\"https:\/\/policemusee.lu\/wp-content\/uploads\/2021\/12\/lost-places.jpg 400w, https:\/\/policemusee.lu\/wp-content\/uploads\/2021\/12\/lost-places-300x218.jpg 300w\" sizes=\"(max-width: 400px) 100vw, 400px\" \/>\t\t\t\t\t\t\t\t\t\t\t\t\t\t\t<\/div>\n\t\t\t\t<\/div>\n\t\t\t\t\t<\/div>\n\t\t<\/div>\n\t\t\t\t<div class=\"elementor-column elementor-col-50 elementor-inner-column elementor-element elementor-element-6dde71b\" data-id=\"6dde71b\" data-element_type=\"column\" data-e-type=\"column\">\n\t\t\t<div class=\"elementor-widget-wrap elementor-element-populated\">\n\t\t\t\t\t\t<div class=\"elementor-element elementor-element-f2d8c05 elementor-widget elementor-widget-heading\" data-id=\"f2d8c05\" data-element_type=\"widget\" data-e-type=\"widget\" data-widget_type=\"heading.default\">\n\t\t\t\t<div class=\"elementor-widget-container\">\n\t\t\t\t\t<h3 class=\"elementor-heading-title elementor-size-default\">Verlorenkost<\/h3>\t\t\t\t<\/div>\n\t\t\t\t<\/div>\n\t\t\t\t<div class=\"elementor-element elementor-element-d457b29 elementor-widget elementor-widget-heading\" data-id=\"d457b29\" data-element_type=\"widget\" data-e-type=\"widget\" data-widget_type=\"heading.default\">\n\t\t\t\t<div class=\"elementor-widget-container\">\n\t\t\t\t\t<h6 class=\"elementor-heading-title elementor-size-default\"><a href=\"https:\/\/www.rtl.lu\/news\/national\/a\/1336315.html\">Lost Places  \nWei gesait et am Policemusee um Verluerkascht aus?\nWie sieht es im Polizeimuseum auf Verlorenkost aus?\nsecrets da la collection historique du mus\u00e9e de la Police \u00e0 Luxembourg\n<\/a><\/h6>\t\t\t\t<\/div>\n\t\t\t\t<\/div>\n\t\t\t\t<div class=\"elementor-element elementor-element-1d2ef87 elementor-icon-list--layout-traditional elementor-list-item-link-full_width elementor-widget elementor-widget-icon-list\" data-id=\"1d2ef87\" data-element_type=\"widget\" data-e-type=\"widget\" data-widget_type=\"icon-list.default\">\n\t\t\t\t<div class=\"elementor-widget-container\">\n\t\t\t\t\t\t\t<ul class=\"elementor-icon-list-items\">\n\t\t\t\t\t\t\t<li class=\"elementor-icon-list-item\">\n\t\t\t\t\t\t\t\t\t\t\t<a href=\"https:\/\/www.rtl.lu\/news\/national\/a\/1336315.html\">\n\n\t\t\t\t\t\t\t\t\t\t\t\t<span class=\"elementor-icon-list-icon\">\n\t\t\t\t\t\t\t<i aria-hidden=\"true\" class=\"fas fa-minus\"><\/i>\t\t\t\t\t\t<\/span>\n\t\t\t\t\t\t\t\t\t\t<span class=\"elementor-icon-list-text\">Reportage sur rtl.lu<\/span>\n\t\t\t\t\t\t\t\t\t\t\t<\/a>\n\t\t\t\t\t\t\t\t\t<\/li>\n\t\t\t\t\t\t<\/ul>\n\t\t\t\t\t\t<\/div>\n\t\t\t\t<\/div>\n\t\t\t\t\t<\/div>\n\t\t<\/div>\n\t\t\t\t\t<\/div>\n\t\t<\/section>\n\t\t\t\t\t<\/div>\n\t\t<\/div>\n\t\t\t\t\t<\/div>\n\t\t<\/section>\n\t\t\t\t<section class=\"elementor-section elementor-top-section elementor-element elementor-element-6490f07 elementor-section-boxed elementor-section-height-default elementor-section-height-default\" data-id=\"6490f07\" data-element_type=\"section\" data-e-type=\"section\">\n\t\t\t\t\t\t<div class=\"elementor-container elementor-column-gap-default\">\n\t\t\t\t\t<div class=\"elementor-column elementor-col-100 elementor-top-column elementor-element elementor-element-14e4ddc\" data-id=\"14e4ddc\" data-element_type=\"column\" data-e-type=\"column\">\n\t\t\t<div class=\"elementor-widget-wrap elementor-element-populated\">\n\t\t\t\t\t\t<section class=\"elementor-section elementor-inner-section elementor-element elementor-element-3773ad3 elementor-section-content-middle elementor-section-boxed elementor-section-height-default elementor-section-height-default\" data-id=\"3773ad3\" data-element_type=\"section\" data-e-type=\"section\">\n\t\t\t\t\t\t<div class=\"elementor-container elementor-column-gap-default\">\n\t\t\t\t\t<div class=\"elementor-column elementor-col-50 elementor-inner-column elementor-element elementor-element-e128677\" data-id=\"e128677\" data-element_type=\"column\" data-e-type=\"column\">\n\t\t\t<div class=\"elementor-widget-wrap elementor-element-populated\">\n\t\t\t\t\t\t<div class=\"elementor-element elementor-element-7abe16c elementor-widget elementor-widget-heading\" data-id=\"7abe16c\" data-element_type=\"widget\" data-e-type=\"widget\" data-widget_type=\"heading.default\">\n\t\t\t\t<div class=\"elementor-widget-container\">\n\t\t\t\t\t<h3 class=\"elementor-heading-title elementor-size-default\">Rumelange<\/h3>\t\t\t\t<\/div>\n\t\t\t\t<\/div>\n\t\t\t\t<div class=\"elementor-element elementor-element-d34cea9 elementor-widget elementor-widget-heading\" data-id=\"d34cea9\" data-element_type=\"widget\" data-e-type=\"widget\" data-widget_type=\"heading.default\">\n\t\t\t\t<div class=\"elementor-widget-container\">\n\t\t\t\t\t<h6 class=\"elementor-heading-title elementor-size-default\">ancienne Brigade de la Gendarmerie Grand-Ducale<\/h6>\t\t\t\t<\/div>\n\t\t\t\t<\/div>\n\t\t\t\t<div class=\"elementor-element elementor-element-b302aa3 elementor-icon-list--layout-traditional elementor-list-item-link-full_width elementor-widget elementor-widget-icon-list\" data-id=\"b302aa3\" data-element_type=\"widget\" data-e-type=\"widget\" data-widget_type=\"icon-list.default\">\n\t\t\t\t<div class=\"elementor-widget-container\">\n\t\t\t\t\t\t\t<ul class=\"elementor-icon-list-items\">\n\t\t\t\t\t\t\t<li class=\"elementor-icon-list-item\">\n\t\t\t\t\t\t\t\t\t\t\t<span class=\"elementor-icon-list-icon\">\n\t\t\t\t\t\t\t<i aria-hidden=\"true\" class=\"fas fa-minus\"><\/i>\t\t\t\t\t\t<\/span>\n\t\t\t\t\t\t\t\t\t\t<span class=\"elementor-icon-list-text\">Actuellement commissariat de Police<\/span>\n\t\t\t\t\t\t\t\t\t<\/li>\n\t\t\t\t\t\t<\/ul>\n\t\t\t\t\t\t<\/div>\n\t\t\t\t<\/div>\n\t\t\t\t<div class=\"elementor-element elementor-element-027ca27 elementor-arrows-position-inside elementor-pagination-position-outside elementor-widget elementor-widget-image-carousel\" data-id=\"027ca27\" data-element_type=\"widget\" data-e-type=\"widget\" data-settings=\"{&quot;navigation&quot;:&quot;both&quot;,&quot;autoplay&quot;:&quot;yes&quot;,&quot;pause_on_hover&quot;:&quot;yes&quot;,&quot;pause_on_interaction&quot;:&quot;yes&quot;,&quot;autoplay_speed&quot;:5000,&quot;infinite&quot;:&quot;yes&quot;,&quot;speed&quot;:500}\" data-widget_type=\"image-carousel.default\">\n\t\t\t\t<div class=\"elementor-widget-container\">\n\t\t\t\t\t\t\t<div class=\"elementor-image-carousel-wrapper swiper\" role=\"region\" aria-roledescription=\"carousel\" aria-label=\"Carrousel d\u2019images\" dir=\"ltr\">\n\t\t\t<div class=\"elementor-image-carousel swiper-wrapper\" aria-live=\"off\">\n\t\t\t\t\t\t\t\t<div class=\"swiper-slide\" role=\"group\" aria-roledescription=\"slide\" aria-label=\"1 sur 2\"><figure class=\"swiper-slide-inner\"><img decoding=\"async\" class=\"swiper-slide-image\" src=\"https:\/\/policemusee.lu\/wp-content\/uploads\/2023\/01\/Brigade-Rumelange-19730105-150x150.jpg\" alt=\"Brigade Rumelange 19730105\" \/><\/figure><\/div><div class=\"swiper-slide\" role=\"group\" aria-roledescription=\"slide\" aria-label=\"2 sur 2\"><figure class=\"swiper-slide-inner\"><img decoding=\"async\" class=\"swiper-slide-image\" src=\"https:\/\/policemusee.lu\/wp-content\/uploads\/2023\/01\/kayldallRumelange-150x150.jpg\" alt=\"kayldallRumelange\" \/><\/figure><\/div>\t\t\t<\/div>\n\t\t\t\t\t\t\t\t\t\t\t\t<div class=\"elementor-swiper-button elementor-swiper-button-prev\" role=\"button\" tabindex=\"0\">\n\t\t\t\t\t\t<i aria-hidden=\"true\" class=\"eicon-chevron-left\"><\/i>\t\t\t\t\t<\/div>\n\t\t\t\t\t<div class=\"elementor-swiper-button elementor-swiper-button-next\" role=\"button\" tabindex=\"0\">\n\t\t\t\t\t\t<i aria-hidden=\"true\" class=\"eicon-chevron-right\"><\/i>\t\t\t\t\t<\/div>\n\t\t\t\t\n\t\t\t\t\t\t\t\t\t<div class=\"swiper-pagination\"><\/div>\n\t\t\t\t\t\t\t\t\t<\/div>\n\t\t\t\t\t\t<\/div>\n\t\t\t\t<\/div>\n\t\t\t\t\t<\/div>\n\t\t<\/div>\n\t\t\t\t<div class=\"elementor-column elementor-col-50 elementor-inner-column elementor-element elementor-element-a6eeba4\" data-id=\"a6eeba4\" data-element_type=\"column\" data-e-type=\"column\">\n\t\t\t<div class=\"elementor-widget-wrap elementor-element-populated\">\n\t\t\t\t\t\t<div class=\"elementor-element elementor-element-fe77d2d elementor-widget elementor-widget-image\" data-id=\"fe77d2d\" data-element_type=\"widget\" data-e-type=\"widget\" data-widget_type=\"image.default\">\n\t\t\t\t<div class=\"elementor-widget-container\">\n\t\t\t\t\t\t\t\t\t\t\t\t\t\t\t<img loading=\"lazy\" decoding=\"async\" width=\"1024\" height=\"683\" src=\"https:\/\/policemusee.lu\/wp-content\/uploads\/2023\/01\/kayldallRumelange-1024x683.jpg\" class=\"attachment-large size-large wp-image-3175\" alt=\"\" srcset=\"https:\/\/policemusee.lu\/wp-content\/uploads\/2023\/01\/kayldallRumelange-1024x683.jpg 1024w, https:\/\/policemusee.lu\/wp-content\/uploads\/2023\/01\/kayldallRumelange-300x200.jpg 300w, https:\/\/policemusee.lu\/wp-content\/uploads\/2023\/01\/kayldallRumelange-768x513.jpg 768w, https:\/\/policemusee.lu\/wp-content\/uploads\/2023\/01\/kayldallRumelange-1536x1025.jpg 1536w, https:\/\/policemusee.lu\/wp-content\/uploads\/2023\/01\/kayldallRumelange-2048x1367.jpg 2048w, https:\/\/policemusee.lu\/wp-content\/uploads\/2023\/01\/kayldallRumelange-18x12.jpg 18w\" sizes=\"(max-width: 1024px) 100vw, 1024px\" \/>\t\t\t\t\t\t\t\t\t\t\t\t\t\t\t<\/div>\n\t\t\t\t<\/div>\n\t\t\t\t\t<\/div>\n\t\t<\/div>\n\t\t\t\t\t<\/div>\n\t\t<\/section>\n\t\t\t\t<section class=\"elementor-section elementor-inner-section elementor-element elementor-element-a6c1f0e elementor-section-content-middle elementor-section-boxed elementor-section-height-default elementor-section-height-default\" data-id=\"a6c1f0e\" data-element_type=\"section\" data-e-type=\"section\">\n\t\t\t\t\t\t<div class=\"elementor-container elementor-column-gap-default\">\n\t\t\t\t\t<div class=\"elementor-column elementor-col-50 elementor-inner-column elementor-element elementor-element-a8e5264\" data-id=\"a8e5264\" data-element_type=\"column\" data-e-type=\"column\">\n\t\t\t<div class=\"elementor-widget-wrap elementor-element-populated\">\n\t\t\t\t\t\t<div class=\"elementor-element elementor-element-09c35c0 elementor-widget elementor-widget-heading\" data-id=\"09c35c0\" data-element_type=\"widget\" data-e-type=\"widget\" data-widget_type=\"heading.default\">\n\t\t\t\t<div class=\"elementor-widget-container\">\n\t\t\t\t\t<h3 class=\"elementor-heading-title elementor-size-default\">Verlorenkost<\/h3>\t\t\t\t<\/div>\n\t\t\t\t<\/div>\n\t\t\t\t<div class=\"elementor-element elementor-element-f725f6a elementor-widget elementor-widget-heading\" data-id=\"f725f6a\" data-element_type=\"widget\" data-e-type=\"widget\" data-widget_type=\"heading.default\">\n\t\t\t\t<div class=\"elementor-widget-container\">\n\t\t\t\t\t<h6 class=\"elementor-heading-title elementor-size-default\">ancien Garage de la Gendarmerie Grand Ducale<\/h6>\t\t\t\t<\/div>\n\t\t\t\t<\/div>\n\t\t\t\t<div class=\"elementor-element elementor-element-3a7f418 elementor-icon-list--layout-traditional elementor-list-item-link-full_width elementor-widget elementor-widget-icon-list\" data-id=\"3a7f418\" data-element_type=\"widget\" data-e-type=\"widget\" data-widget_type=\"icon-list.default\">\n\t\t\t\t<div class=\"elementor-widget-container\">\n\t\t\t\t\t\t\t<ul class=\"elementor-icon-list-items\">\n\t\t\t\t\t\t\t<li class=\"elementor-icon-list-item\">\n\t\t\t\t\t\t\t\t\t\t\t<span class=\"elementor-icon-list-icon\">\n\t\t\t\t\t\t\t<i aria-hidden=\"true\" class=\"fas fa-minus\"><\/i>\t\t\t\t\t\t<\/span>\n\t\t\t\t\t\t\t\t\t\t<span class=\"elementor-icon-list-text\">Ann\u00e9e de construction : 1954<\/span>\n\t\t\t\t\t\t\t\t\t<\/li>\n\t\t\t\t\t\t\t\t<li class=\"elementor-icon-list-item\">\n\t\t\t\t\t\t\t\t\t\t\t<span class=\"elementor-icon-list-icon\">\n\t\t\t\t\t\t\t<i aria-hidden=\"true\" class=\"fas fa-minus\"><\/i>\t\t\t\t\t\t<\/span>\n\t\t\t\t\t\t\t\t\t\t<span class=\"elementor-icon-list-text\">architecte M.  Hubert Schumacher<\/span>\n\t\t\t\t\t\t\t\t\t<\/li>\n\t\t\t\t\t\t\t\t<li class=\"elementor-icon-list-item\">\n\t\t\t\t\t\t\t\t\t\t\t<span class=\"elementor-icon-list-icon\">\n\t\t\t\t\t\t\t<i aria-hidden=\"true\" class=\"fas fa-minus\"><\/i>\t\t\t\t\t\t<\/span>\n\t\t\t\t\t\t\t\t\t\t<span class=\"elementor-icon-list-text\">ancienne carri\u00e8re <\/span>\n\t\t\t\t\t\t\t\t\t<\/li>\n\t\t\t\t\t\t\t\t<li class=\"elementor-icon-list-item\">\n\t\t\t\t\t\t\t\t\t\t\t<span class=\"elementor-icon-list-icon\">\n\t\t\t\t\t\t\t<i aria-hidden=\"true\" class=\"fas fa-minus\"><\/i>\t\t\t\t\t\t<\/span>\n\t\t\t\t\t\t\t\t\t\t<span class=\"elementor-icon-list-text\">partie de la forteresse de Luxembourg (Fort Verlorenkost) <\/span>\n\t\t\t\t\t\t\t\t\t<\/li>\n\t\t\t\t\t\t\t\t<li class=\"elementor-icon-list-item\">\n\t\t\t\t\t\t\t\t\t\t\t<span class=\"elementor-icon-list-icon\">\n\t\t\t\t\t\t\t<i aria-hidden=\"true\" class=\"fas fa-check\"><\/i>\t\t\t\t\t\t<\/span>\n\t\t\t\t\t\t\t\t\t\t<span class=\"elementor-icon-list-text\">\u00c9l\u00e9ment de liste<\/span>\n\t\t\t\t\t\t\t\t\t<\/li>\n\t\t\t\t\t\t<\/ul>\n\t\t\t\t\t\t<\/div>\n\t\t\t\t<\/div>\n\t\t\t\t<div class=\"elementor-element elementor-element-c586101 elementor-arrows-position-inside elementor-pagination-position-outside elementor-widget elementor-widget-image-carousel\" data-id=\"c586101\" data-element_type=\"widget\" data-e-type=\"widget\" data-settings=\"{&quot;navigation&quot;:&quot;both&quot;,&quot;autoplay&quot;:&quot;yes&quot;,&quot;pause_on_hover&quot;:&quot;yes&quot;,&quot;pause_on_interaction&quot;:&quot;yes&quot;,&quot;autoplay_speed&quot;:5000,&quot;infinite&quot;:&quot;yes&quot;,&quot;speed&quot;:500}\" data-widget_type=\"image-carousel.default\">\n\t\t\t\t<div class=\"elementor-widget-container\">\n\t\t\t\t\t\t\t<div class=\"elementor-image-carousel-wrapper swiper\" role=\"region\" aria-roledescription=\"carousel\" aria-label=\"Carrousel d\u2019images\" dir=\"ltr\">\n\t\t\t<div class=\"elementor-image-carousel swiper-wrapper\" aria-live=\"off\">\n\t\t\t\t\t\t\t\t<div class=\"swiper-slide\" role=\"group\" aria-roledescription=\"slide\" aria-label=\"1 sur 3\"><figure class=\"swiper-slide-inner\"><img decoding=\"async\" class=\"swiper-slide-image\" src=\"https:\/\/policemusee.lu\/wp-content\/uploads\/2022\/01\/DSC_0701-150x150.jpg\" alt=\"DSC_0701\" \/><\/figure><\/div><div class=\"swiper-slide\" role=\"group\" aria-roledescription=\"slide\" aria-label=\"2 sur 3\"><figure class=\"swiper-slide-inner\"><img decoding=\"async\" class=\"swiper-slide-image\" src=\"https:\/\/policemusee.lu\/wp-content\/uploads\/2022\/01\/DSC_0680-150x150.jpg\" alt=\"DSC_0680\" \/><\/figure><\/div><div class=\"swiper-slide\" role=\"group\" aria-roledescription=\"slide\" aria-label=\"3 sur 3\"><figure class=\"swiper-slide-inner\"><img decoding=\"async\" class=\"swiper-slide-image\" src=\"https:\/\/policemusee.lu\/wp-content\/uploads\/2022\/01\/DSC_0682-150x150.jpg\" alt=\"DSC_0682\" \/><\/figure><\/div>\t\t\t<\/div>\n\t\t\t\t\t\t\t\t\t\t\t\t<div class=\"elementor-swiper-button elementor-swiper-button-prev\" role=\"button\" tabindex=\"0\">\n\t\t\t\t\t\t<i aria-hidden=\"true\" class=\"eicon-chevron-left\"><\/i>\t\t\t\t\t<\/div>\n\t\t\t\t\t<div class=\"elementor-swiper-button elementor-swiper-button-next\" role=\"button\" tabindex=\"0\">\n\t\t\t\t\t\t<i aria-hidden=\"true\" class=\"eicon-chevron-right\"><\/i>\t\t\t\t\t<\/div>\n\t\t\t\t\n\t\t\t\t\t\t\t\t\t<div class=\"swiper-pagination\"><\/div>\n\t\t\t\t\t\t\t\t\t<\/div>\n\t\t\t\t\t\t<\/div>\n\t\t\t\t<\/div>\n\t\t\t\t\t<\/div>\n\t\t<\/div>\n\t\t\t\t<div class=\"elementor-column elementor-col-50 elementor-inner-column elementor-element elementor-element-824d2cf\" data-id=\"824d2cf\" data-element_type=\"column\" data-e-type=\"column\">\n\t\t\t<div class=\"elementor-widget-wrap elementor-element-populated\">\n\t\t\t\t\t\t<div class=\"elementor-element elementor-element-7a87727 elementor-widget elementor-widget-image\" data-id=\"7a87727\" data-element_type=\"widget\" data-e-type=\"widget\" data-widget_type=\"image.default\">\n\t\t\t\t<div class=\"elementor-widget-container\">\n\t\t\t\t\t\t\t\t\t\t\t\t\t\t\t<img decoding=\"async\" src=\"https:\/\/policemusee.lu\/wp-content\/uploads\/2021\/12\/GieGarage2.jpg\" title=\"\" alt=\"\" loading=\"lazy\" \/>\t\t\t\t\t\t\t\t\t\t\t\t\t\t\t<\/div>\n\t\t\t\t<\/div>\n\t\t\t\t\t<\/div>\n\t\t<\/div>\n\t\t\t\t\t<\/div>\n\t\t<\/section>\n\t\t\t\t\t<\/div>\n\t\t<\/div>\n\t\t\t\t\t<\/div>\n\t\t<\/section>\n\t\t\t\t<section class=\"elementor-section elementor-top-section elementor-element elementor-element-edfc714 elementor-section-boxed elementor-section-height-default elementor-section-height-default\" data-id=\"edfc714\" data-element_type=\"section\" data-e-type=\"section\">\n\t\t\t\t\t\t<div class=\"elementor-container elementor-column-gap-default\">\n\t\t\t\t\t<div class=\"elementor-column elementor-col-100 elementor-top-column elementor-element elementor-element-7301b8d\" data-id=\"7301b8d\" data-element_type=\"column\" data-e-type=\"column\">\n\t\t\t<div class=\"elementor-widget-wrap elementor-element-populated\">\n\t\t\t\t\t\t<section class=\"elementor-section elementor-inner-section elementor-element elementor-element-797b2c6 elementor-section-content-middle elementor-reverse-tablet elementor-reverse-mobile elementor-section-boxed elementor-section-height-default elementor-section-height-default\" data-id=\"797b2c6\" data-element_type=\"section\" data-e-type=\"section\">\n\t\t\t\t\t\t<div class=\"elementor-container elementor-column-gap-default\">\n\t\t\t\t\t<div class=\"elementor-column elementor-col-50 elementor-inner-column elementor-element elementor-element-19f7151\" data-id=\"19f7151\" data-element_type=\"column\" data-e-type=\"column\">\n\t\t\t<div class=\"elementor-widget-wrap elementor-element-populated\">\n\t\t\t\t\t\t<div class=\"elementor-element elementor-element-ee8bd8b elementor-widget elementor-widget-image\" data-id=\"ee8bd8b\" data-element_type=\"widget\" data-e-type=\"widget\" data-widget_type=\"image.default\">\n\t\t\t\t<div class=\"elementor-widget-container\">\n\t\t\t\t\t\t\t\t\t\t\t\t\t\t\t<img decoding=\"async\" src=\"https:\/\/policemusee.lu\/wp-content\/uploads\/2023\/04\/Gie-Brigade-Differdange-1934.jpg\" title=\"\" alt=\"\" loading=\"lazy\" \/>\t\t\t\t\t\t\t\t\t\t\t\t\t\t\t<\/div>\n\t\t\t\t<\/div>\n\t\t\t\t\t<\/div>\n\t\t<\/div>\n\t\t\t\t<div class=\"elementor-column elementor-col-50 elementor-inner-column elementor-element elementor-element-faabbd5\" data-id=\"faabbd5\" data-element_type=\"column\" data-e-type=\"column\">\n\t\t\t<div class=\"elementor-widget-wrap elementor-element-populated\">\n\t\t\t\t\t\t<div class=\"elementor-element elementor-element-91e6164 elementor-widget elementor-widget-heading\" data-id=\"91e6164\" data-element_type=\"widget\" data-e-type=\"widget\" data-widget_type=\"heading.default\">\n\t\t\t\t<div class=\"elementor-widget-container\">\n\t\t\t\t\t<h3 class=\"elementor-heading-title elementor-size-default\">Differdange<\/h3>\t\t\t\t<\/div>\n\t\t\t\t<\/div>\n\t\t\t\t<div class=\"elementor-element elementor-element-7fa30a2 elementor-widget elementor-widget-heading\" data-id=\"7fa30a2\" data-element_type=\"widget\" data-e-type=\"widget\" data-widget_type=\"heading.default\">\n\t\t\t\t<div class=\"elementor-widget-container\">\n\t\t\t\t\t<h6 class=\"elementor-heading-title elementor-size-default\">ancienne brigade de Differdange (bureaux &amp; logements) de la Gendarmerie  <\/h6>\t\t\t\t<\/div>\n\t\t\t\t<\/div>\n\t\t\t\t<div class=\"elementor-element elementor-element-ee34420 elementor-icon-list--layout-traditional elementor-list-item-link-full_width elementor-widget elementor-widget-icon-list\" data-id=\"ee34420\" data-element_type=\"widget\" data-e-type=\"widget\" data-widget_type=\"icon-list.default\">\n\t\t\t\t<div class=\"elementor-widget-container\">\n\t\t\t\t\t\t\t<ul class=\"elementor-icon-list-items\">\n\t\t\t\t\t\t\t<li class=\"elementor-icon-list-item\">\n\t\t\t\t\t\t\t\t\t\t\t<span class=\"elementor-icon-list-icon\">\n\t\t\t\t\t\t\t<i aria-hidden=\"true\" class=\"fas fa-minus\"><\/i>\t\t\t\t\t\t<\/span>\n\t\t\t\t\t\t\t\t\t\t<span class=\"elementor-icon-list-text\">vers 1934<\/span>\n\t\t\t\t\t\t\t\t\t<\/li>\n\t\t\t\t\t\t<\/ul>\n\t\t\t\t\t\t<\/div>\n\t\t\t\t<\/div>\n\t\t\t\t\t<\/div>\n\t\t<\/div>\n\t\t\t\t\t<\/div>\n\t\t<\/section>\n\t\t\t\t\t<\/div>\n\t\t<\/div>\n\t\t\t\t\t<\/div>\n\t\t<\/section>\n\t\t\t\t<section class=\"elementor-section elementor-top-section elementor-element elementor-element-d822304 elementor-section-boxed elementor-section-height-default elementor-section-height-default\" data-id=\"d822304\" data-element_type=\"section\" data-e-type=\"section\">\n\t\t\t\t\t\t<div class=\"elementor-container elementor-column-gap-default\">\n\t\t\t\t\t<div class=\"elementor-column elementor-col-100 elementor-top-column elementor-element elementor-element-d01c447\" data-id=\"d01c447\" data-element_type=\"column\" data-e-type=\"column\">\n\t\t\t<div class=\"elementor-widget-wrap elementor-element-populated\">\n\t\t\t\t\t\t<section class=\"elementor-section elementor-inner-section elementor-element elementor-element-dfcf09a elementor-section-content-middle elementor-reverse-tablet elementor-reverse-mobile elementor-section-boxed elementor-section-height-default elementor-section-height-default\" data-id=\"dfcf09a\" data-element_type=\"section\" data-e-type=\"section\">\n\t\t\t\t\t\t<div class=\"elementor-container elementor-column-gap-default\">\n\t\t\t\t\t<div class=\"elementor-column elementor-col-50 elementor-inner-column elementor-element elementor-element-70affef\" data-id=\"70affef\" data-element_type=\"column\" data-e-type=\"column\">\n\t\t\t<div class=\"elementor-widget-wrap elementor-element-populated\">\n\t\t\t\t\t\t<div class=\"elementor-element elementor-element-30a2ad3 elementor-widget elementor-widget-image\" data-id=\"30a2ad3\" data-element_type=\"widget\" data-e-type=\"widget\" data-widget_type=\"image.default\">\n\t\t\t\t<div class=\"elementor-widget-container\">\n\t\t\t\t\t\t\t\t\t\t\t\t\t\t\t<img decoding=\"async\" src=\"https:\/\/policemusee.lu\/wp-content\/uploads\/2021\/12\/Direx-Police_Lux.jpg\" title=\"\" alt=\"\" loading=\"lazy\" \/>\t\t\t\t\t\t\t\t\t\t\t\t\t\t\t<\/div>\n\t\t\t\t<\/div>\n\t\t\t\t\t<\/div>\n\t\t<\/div>\n\t\t\t\t<div class=\"elementor-column elementor-col-50 elementor-inner-column elementor-element elementor-element-96c4ada\" data-id=\"96c4ada\" data-element_type=\"column\" data-e-type=\"column\">\n\t\t\t<div class=\"elementor-widget-wrap elementor-element-populated\">\n\t\t\t\t\t\t<div class=\"elementor-element elementor-element-fd5cf4b elementor-widget elementor-widget-heading\" data-id=\"fd5cf4b\" data-element_type=\"widget\" data-e-type=\"widget\" data-widget_type=\"heading.default\">\n\t\t\t\t<div class=\"elementor-widget-container\">\n\t\t\t\t\t<h3 class=\"elementor-heading-title elementor-size-default\">Verlorenkost<\/h3>\t\t\t\t<\/div>\n\t\t\t\t<\/div>\n\t\t\t\t<div class=\"elementor-element elementor-element-ee09710 elementor-widget elementor-widget-heading\" data-id=\"ee09710\" data-element_type=\"widget\" data-e-type=\"widget\" data-widget_type=\"heading.default\">\n\t\t\t\t<div class=\"elementor-widget-container\">\n\t\t\t\t\t<h6 class=\"elementor-heading-title elementor-size-default\">ancienne Direction de la Police  (entre 1966-1971)<\/h6>\t\t\t\t<\/div>\n\t\t\t\t<\/div>\n\t\t\t\t<div class=\"elementor-element elementor-element-ff2613d elementor-icon-list--layout-traditional elementor-list-item-link-full_width elementor-widget elementor-widget-icon-list\" data-id=\"ff2613d\" data-element_type=\"widget\" data-e-type=\"widget\" data-widget_type=\"icon-list.default\">\n\t\t\t\t<div class=\"elementor-widget-container\">\n\t\t\t\t\t\t\t<ul class=\"elementor-icon-list-items\">\n\t\t\t\t\t\t\t<li class=\"elementor-icon-list-item\">\n\t\t\t\t\t\t\t\t\t\t\t<span class=\"elementor-icon-list-icon\">\n\t\t\t\t\t\t\t<i aria-hidden=\"true\" class=\"fas fa-minus\"><\/i>\t\t\t\t\t\t<\/span>\n\t\t\t\t\t\t\t\t\t\t<span class=\"elementor-icon-list-text\">boulevard d Avranches n\u00b026<\/span>\n\t\t\t\t\t\t\t\t\t<\/li>\n\t\t\t\t\t\t\t\t<li class=\"elementor-icon-list-item\">\n\t\t\t\t\t\t\t\t\t\t\t<span class=\"elementor-icon-list-icon\">\n\t\t\t\t\t\t\t<i aria-hidden=\"true\" class=\"fas fa-minus\"><\/i>\t\t\t\t\t\t<\/span>\n\t\t\t\t\t\t\t\t\t\t<span class=\"elementor-icon-list-text\">\u00e0 partir de 1971 au N5\u00b0, rue August Lumi\u00e8re (b\u00e2timent Etat Major de l\u00b4Arm\u00e9e et Commandement de la Gendarmerie Grand-Ducale<\/span>\n\t\t\t\t\t\t\t\t\t<\/li>\n\t\t\t\t\t\t<\/ul>\n\t\t\t\t\t\t<\/div>\n\t\t\t\t<\/div>\n\t\t\t\t\t<\/div>\n\t\t<\/div>\n\t\t\t\t\t<\/div>\n\t\t<\/section>\n\t\t\t\t<section class=\"elementor-section elementor-inner-section elementor-element elementor-element-1aab9d0 elementor-section-content-middle elementor-reverse-tablet elementor-reverse-mobile elementor-section-boxed elementor-section-height-default elementor-section-height-default\" data-id=\"1aab9d0\" data-element_type=\"section\" data-e-type=\"section\">\n\t\t\t\t\t\t<div class=\"elementor-container elementor-column-gap-default\">\n\t\t\t\t\t<div class=\"elementor-column elementor-col-50 elementor-inner-column elementor-element elementor-element-2067354\" data-id=\"2067354\" data-element_type=\"column\" data-e-type=\"column\">\n\t\t\t<div class=\"elementor-widget-wrap elementor-element-populated\">\n\t\t\t\t\t\t<div class=\"elementor-element elementor-element-4da4aae elementor-widget elementor-widget-image\" data-id=\"4da4aae\" data-element_type=\"widget\" data-e-type=\"widget\" data-widget_type=\"image.default\">\n\t\t\t\t<div class=\"elementor-widget-container\">\n\t\t\t\t\t\t\t\t\t\t\t\t\t\t\t<img loading=\"lazy\" decoding=\"async\" width=\"1024\" height=\"741\" src=\"https:\/\/policemusee.lu\/wp-content\/uploads\/2023\/09\/corps-garde-1815-1024x741.jpg\" class=\"attachment-large size-large wp-image-4057\" alt=\"\" srcset=\"https:\/\/policemusee.lu\/wp-content\/uploads\/2023\/09\/corps-garde-1815-1024x741.jpg 1024w, https:\/\/policemusee.lu\/wp-content\/uploads\/2023\/09\/corps-garde-1815-300x217.jpg 300w, https:\/\/policemusee.lu\/wp-content\/uploads\/2023\/09\/corps-garde-1815-768x556.jpg 768w, https:\/\/policemusee.lu\/wp-content\/uploads\/2023\/09\/corps-garde-1815-1536x1112.jpg 1536w, https:\/\/policemusee.lu\/wp-content\/uploads\/2023\/09\/corps-garde-1815-2048x1483.jpg 2048w, https:\/\/policemusee.lu\/wp-content\/uploads\/2023\/09\/corps-garde-1815-18x12.jpg 18w\" sizes=\"(max-width: 1024px) 100vw, 1024px\" \/>\t\t\t\t\t\t\t\t\t\t\t\t\t\t\t<\/div>\n\t\t\t\t<\/div>\n\t\t\t\t\t<\/div>\n\t\t<\/div>\n\t\t\t\t<div class=\"elementor-column elementor-col-50 elementor-inner-column elementor-element elementor-element-bf6e65a\" data-id=\"bf6e65a\" data-element_type=\"column\" data-e-type=\"column\">\n\t\t\t<div class=\"elementor-widget-wrap elementor-element-populated\">\n\t\t\t\t\t\t<div class=\"elementor-element elementor-element-145769c elementor-widget elementor-widget-heading\" data-id=\"145769c\" data-element_type=\"widget\" data-e-type=\"widget\" data-widget_type=\"heading.default\">\n\t\t\t\t<div class=\"elementor-widget-container\">\n\t\t\t\t\t<h3 class=\"elementor-heading-title elementor-size-default\">Centre Ville<\/h3>\t\t\t\t<\/div>\n\t\t\t\t<\/div>\n\t\t\t\t<div class=\"elementor-element elementor-element-6fc41b8 elementor-widget elementor-widget-heading\" data-id=\"6fc41b8\" data-element_type=\"widget\" data-e-type=\"widget\" data-widget_type=\"heading.default\">\n\t\t\t\t<div class=\"elementor-widget-container\">\n\t\t\t\t\t<h6 class=\"elementor-heading-title elementor-size-default\">bureaux police locale entre 1881 et 1930<\/h6>\t\t\t\t<\/div>\n\t\t\t\t<\/div>\n\t\t\t\t<div class=\"elementor-element elementor-element-00b074f elementor-icon-list--layout-traditional elementor-list-item-link-full_width elementor-widget elementor-widget-icon-list\" data-id=\"00b074f\" data-element_type=\"widget\" data-e-type=\"widget\" data-widget_type=\"icon-list.default\">\n\t\t\t\t<div class=\"elementor-widget-container\">\n\t\t\t\t\t\t\t<ul class=\"elementor-icon-list-items\">\n\t\t\t\t\t\t\t<li class=\"elementor-icon-list-item\">\n\t\t\t\t\t\t\t\t\t\t\t<span class=\"elementor-icon-list-icon\">\n\t\t\t\t\t\t\t<i aria-hidden=\"true\" class=\"fas fa-minus\"><\/i>\t\t\t\t\t\t<\/span>\n\t\t\t\t\t\t\t\t\t\t<span class=\"elementor-icon-list-text\">Cercle Municipal (ancienne garde)<\/span>\n\t\t\t\t\t\t\t\t\t<\/li>\n\t\t\t\t\t\t<\/ul>\n\t\t\t\t\t\t<\/div>\n\t\t\t\t<\/div>\n\t\t\t\t\t<\/div>\n\t\t<\/div>\n\t\t\t\t\t<\/div>\n\t\t<\/section>\n\t\t\t\t\t<\/div>\n\t\t<\/div>\n\t\t\t\t\t<\/div>\n\t\t<\/section>\n\t\t\t\t<section class=\"elementor-section elementor-top-section elementor-element elementor-element-04ee27e elementor-section-boxed elementor-section-height-default elementor-section-height-default\" data-id=\"04ee27e\" data-element_type=\"section\" data-e-type=\"section\">\n\t\t\t\t\t\t<div class=\"elementor-container elementor-column-gap-default\">\n\t\t\t\t\t<div class=\"elementor-column elementor-col-100 elementor-top-column elementor-element elementor-element-d4582c6\" data-id=\"d4582c6\" data-element_type=\"column\" data-e-type=\"column\">\n\t\t\t<div class=\"elementor-widget-wrap elementor-element-populated\">\n\t\t\t\t\t\t<section class=\"elementor-section elementor-inner-section elementor-element elementor-element-07a9cf9 elementor-section-content-middle elementor-section-boxed elementor-section-height-default elementor-section-height-default\" data-id=\"07a9cf9\" data-element_type=\"section\" data-e-type=\"section\">\n\t\t\t\t\t\t<div class=\"elementor-container elementor-column-gap-default\">\n\t\t\t\t\t<div class=\"elementor-column elementor-col-50 elementor-inner-column elementor-element elementor-element-2f7ffcd\" data-id=\"2f7ffcd\" data-element_type=\"column\" data-e-type=\"column\">\n\t\t\t<div class=\"elementor-widget-wrap elementor-element-populated\">\n\t\t\t\t\t\t<div class=\"elementor-element elementor-element-c8930bc elementor-widget elementor-widget-heading\" data-id=\"c8930bc\" data-element_type=\"widget\" data-e-type=\"widget\" data-widget_type=\"heading.default\">\n\t\t\t\t<div class=\"elementor-widget-container\">\n\t\t\t\t\t<h3 class=\"elementor-heading-title elementor-size-default\">DIEKIRCH<\/h3>\t\t\t\t<\/div>\n\t\t\t\t<\/div>\n\t\t\t\t<div class=\"elementor-element elementor-element-b3468ea elementor-widget elementor-widget-heading\" data-id=\"b3468ea\" data-element_type=\"widget\" data-e-type=\"widget\" data-widget_type=\"heading.default\">\n\t\t\t\t<div class=\"elementor-widget-container\">\n\t\t\t\t\t<h6 class=\"elementor-heading-title elementor-size-default\">Bureau de Police  <\/h6>\t\t\t\t<\/div>\n\t\t\t\t<\/div>\n\t\t\t\t<div class=\"elementor-element elementor-element-713a241 elementor-icon-list--layout-traditional elementor-list-item-link-full_width elementor-widget elementor-widget-icon-list\" data-id=\"713a241\" data-element_type=\"widget\" data-e-type=\"widget\" data-widget_type=\"icon-list.default\">\n\t\t\t\t<div class=\"elementor-widget-container\">\n\t\t\t\t\t\t\t<ul class=\"elementor-icon-list-items\">\n\t\t\t\t\t\t\t<li class=\"elementor-icon-list-item\">\n\t\t\t\t\t\t\t\t\t\t\t<span class=\"elementor-icon-list-icon\">\n\t\t\t\t\t\t\t<i aria-hidden=\"true\" class=\"fas fa-minus\"><\/i>\t\t\t\t\t\t<\/span>\n\t\t\t\t\t\t\t\t\t\t<span class=\"elementor-icon-list-text\">(Hotel de Ville) avenue de la Gare<\/span>\n\t\t\t\t\t\t\t\t\t<\/li>\n\t\t\t\t\t\t<\/ul>\n\t\t\t\t\t\t<\/div>\n\t\t\t\t<\/div>\n\t\t\t\t\t<\/div>\n\t\t<\/div>\n\t\t\t\t<div class=\"elementor-column elementor-col-50 elementor-inner-column elementor-element elementor-element-f9073e7\" data-id=\"f9073e7\" data-element_type=\"column\" data-e-type=\"column\">\n\t\t\t<div class=\"elementor-widget-wrap elementor-element-populated\">\n\t\t\t\t\t\t<div class=\"elementor-element elementor-element-9f5b002 elementor-widget elementor-widget-image\" data-id=\"9f5b002\" data-element_type=\"widget\" data-e-type=\"widget\" data-widget_type=\"image.default\">\n\t\t\t\t<div class=\"elementor-widget-container\">\n\t\t\t\t\t\t\t\t\t\t\t\t\t\t\t<img loading=\"lazy\" decoding=\"async\" width=\"980\" height=\"1024\" src=\"https:\/\/policemusee.lu\/wp-content\/uploads\/2021\/12\/img225_Police-Diekirch-980x1024.jpg\" class=\"attachment-large size-large wp-image-1868\" alt=\"\" srcset=\"https:\/\/policemusee.lu\/wp-content\/uploads\/2021\/12\/img225_Police-Diekirch-980x1024.jpg 980w, https:\/\/policemusee.lu\/wp-content\/uploads\/2021\/12\/img225_Police-Diekirch-287x300.jpg 287w, https:\/\/policemusee.lu\/wp-content\/uploads\/2021\/12\/img225_Police-Diekirch-768x803.jpg 768w, https:\/\/policemusee.lu\/wp-content\/uploads\/2021\/12\/img225_Police-Diekirch-1470x1536.jpg 1470w, https:\/\/policemusee.lu\/wp-content\/uploads\/2021\/12\/img225_Police-Diekirch-1960x2048.jpg 1960w\" sizes=\"(max-width: 980px) 100vw, 980px\" \/>\t\t\t\t\t\t\t\t\t\t\t\t\t\t\t<\/div>\n\t\t\t\t<\/div>\n\t\t\t\t\t<\/div>\n\t\t<\/div>\n\t\t\t\t\t<\/div>\n\t\t<\/section>\n\t\t\t\t\t<\/div>\n\t\t<\/div>\n\t\t\t\t\t<\/div>\n\t\t<\/section>\n\t\t\t\t<section class=\"elementor-section elementor-top-section elementor-element elementor-element-81203cd elementor-section-boxed elementor-section-height-default elementor-section-height-default\" data-id=\"81203cd\" data-element_type=\"section\" data-e-type=\"section\">\n\t\t\t\t\t\t<div class=\"elementor-container elementor-column-gap-default\">\n\t\t\t\t\t<div class=\"elementor-column elementor-col-100 elementor-top-column elementor-element elementor-element-4bc0acd\" data-id=\"4bc0acd\" data-element_type=\"column\" data-e-type=\"column\">\n\t\t\t<div class=\"elementor-widget-wrap elementor-element-populated\">\n\t\t\t\t\t\t<section class=\"elementor-section elementor-inner-section elementor-element elementor-element-3109df2 elementor-section-content-middle elementor-reverse-tablet elementor-reverse-mobile elementor-section-boxed elementor-section-height-default elementor-section-height-default\" data-id=\"3109df2\" data-element_type=\"section\" data-e-type=\"section\">\n\t\t\t\t\t\t<div class=\"elementor-container elementor-column-gap-default\">\n\t\t\t\t\t<div class=\"elementor-column elementor-col-50 elementor-inner-column elementor-element elementor-element-327372c\" data-id=\"327372c\" data-element_type=\"column\" data-e-type=\"column\">\n\t\t\t<div class=\"elementor-widget-wrap elementor-element-populated\">\n\t\t\t\t\t\t<div class=\"elementor-element elementor-element-59ea167 elementor-widget elementor-widget-image\" data-id=\"59ea167\" data-element_type=\"widget\" data-e-type=\"widget\" data-widget_type=\"image.default\">\n\t\t\t\t<div class=\"elementor-widget-container\">\n\t\t\t\t\t\t\t\t\t\t\t\t\t\t\t<img loading=\"lazy\" decoding=\"async\" width=\"1024\" height=\"772\" src=\"https:\/\/policemusee.lu\/wp-content\/uploads\/2022\/01\/BrigadeGendarmerie650-1024x772.jpg\" class=\"attachment-large size-large wp-image-2177\" alt=\"\" srcset=\"https:\/\/policemusee.lu\/wp-content\/uploads\/2022\/01\/BrigadeGendarmerie650-1024x772.jpg 1024w, https:\/\/policemusee.lu\/wp-content\/uploads\/2022\/01\/BrigadeGendarmerie650-300x226.jpg 300w, https:\/\/policemusee.lu\/wp-content\/uploads\/2022\/01\/BrigadeGendarmerie650-768x579.jpg 768w, https:\/\/policemusee.lu\/wp-content\/uploads\/2022\/01\/BrigadeGendarmerie650-1536x1157.jpg 1536w, https:\/\/policemusee.lu\/wp-content\/uploads\/2022\/01\/BrigadeGendarmerie650-2048x1543.jpg 2048w, https:\/\/policemusee.lu\/wp-content\/uploads\/2022\/01\/BrigadeGendarmerie650-16x12.jpg 16w\" sizes=\"(max-width: 1024px) 100vw, 1024px\" \/>\t\t\t\t\t\t\t\t\t\t\t\t\t\t\t<\/div>\n\t\t\t\t<\/div>\n\t\t\t\t\t<\/div>\n\t\t<\/div>\n\t\t\t\t<div class=\"elementor-column elementor-col-50 elementor-inner-column elementor-element elementor-element-fefda81\" data-id=\"fefda81\" data-element_type=\"column\" data-e-type=\"column\">\n\t\t\t<div class=\"elementor-widget-wrap elementor-element-populated\">\n\t\t\t\t\t\t<div class=\"elementor-element elementor-element-27bdf84 elementor-widget elementor-widget-heading\" data-id=\"27bdf84\" data-element_type=\"widget\" data-e-type=\"widget\" data-widget_type=\"heading.default\">\n\t\t\t\t<div class=\"elementor-widget-container\">\n\t\t\t\t\t<h3 class=\"elementor-heading-title elementor-size-default\">HOSINGEN<\/h3>\t\t\t\t<\/div>\n\t\t\t\t<\/div>\n\t\t\t\t<div class=\"elementor-element elementor-element-6c09b4f elementor-widget elementor-widget-heading\" data-id=\"6c09b4f\" data-element_type=\"widget\" data-e-type=\"widget\" data-widget_type=\"heading.default\">\n\t\t\t\t<div class=\"elementor-widget-container\">\n\t\t\t\t\t<h6 class=\"elementor-heading-title elementor-size-default\">Brigade de Gendarmerie  <\/h6>\t\t\t\t<\/div>\n\t\t\t\t<\/div>\n\t\t\t\t<div class=\"elementor-element elementor-element-9d5661a elementor-icon-list--layout-traditional elementor-list-item-link-full_width elementor-widget elementor-widget-icon-list\" data-id=\"9d5661a\" data-element_type=\"widget\" data-e-type=\"widget\" data-widget_type=\"icon-list.default\">\n\t\t\t\t<div class=\"elementor-widget-container\">\n\t\t\t\t\t\t\t<ul class=\"elementor-icon-list-items\">\n\t\t\t\t\t\t\t<li class=\"elementor-icon-list-item\">\n\t\t\t\t\t\t\t\t\t\t\t<span class=\"elementor-icon-list-icon\">\n\t\t\t\t\t\t\t<i aria-hidden=\"true\" class=\"fas fa-minus\"><\/i>\t\t\t\t\t\t<\/span>\n\t\t\t\t\t\t\t\t\t\t<span class=\"elementor-icon-list-text\">cr\u00e9ation de la 1i\u00e8re Brigade le 09.04.1797<\/span>\n\t\t\t\t\t\t\t\t\t<\/li>\n\t\t\t\t\t\t\t\t<li class=\"elementor-icon-list-item\">\n\t\t\t\t\t\t\t\t\t\t\t<span class=\"elementor-icon-list-icon\">\n\t\t\t\t\t\t\t<i aria-hidden=\"true\" class=\"fas fa-minus\"><\/i>\t\t\t\t\t\t<\/span>\n\t\t\t\t\t\t\t\t\t\t<span class=\"elementor-icon-list-text\">construction d\u00b4une caserne par le gouvernement en 1932<\/span>\n\t\t\t\t\t\t\t\t\t<\/li>\n\t\t\t\t\t\t<\/ul>\n\t\t\t\t\t\t<\/div>\n\t\t\t\t<\/div>\n\t\t\t\t\t<\/div>\n\t\t<\/div>\n\t\t\t\t\t<\/div>\n\t\t<\/section>\n\t\t\t\t\t<\/div>\n\t\t<\/div>\n\t\t\t\t\t<\/div>\n\t\t<\/section>\n\t\t\t\t<section class=\"elementor-section elementor-top-section elementor-element elementor-element-a08f24a elementor-reverse-tablet elementor-reverse-mobile elementor-section-boxed elementor-section-height-default elementor-section-height-default\" data-id=\"a08f24a\" data-element_type=\"section\" data-e-type=\"section\">\n\t\t\t\t\t\t<div class=\"elementor-container elementor-column-gap-default\">\n\t\t\t\t\t<div class=\"elementor-column elementor-col-100 elementor-top-column elementor-element elementor-element-ea83987\" data-id=\"ea83987\" data-element_type=\"column\" data-e-type=\"column\">\n\t\t\t<div class=\"elementor-widget-wrap elementor-element-populated\">\n\t\t\t\t\t\t<section class=\"elementor-section elementor-inner-section elementor-element elementor-element-5ab1a85 elementor-section-content-middle elementor-section-boxed elementor-section-height-default elementor-section-height-default\" data-id=\"5ab1a85\" data-element_type=\"section\" data-e-type=\"section\">\n\t\t\t\t\t\t<div class=\"elementor-container elementor-column-gap-default\">\n\t\t\t\t\t<div class=\"elementor-column elementor-col-50 elementor-inner-column elementor-element elementor-element-eec5afe\" data-id=\"eec5afe\" data-element_type=\"column\" data-e-type=\"column\">\n\t\t\t<div class=\"elementor-widget-wrap elementor-element-populated\">\n\t\t\t\t\t\t<div class=\"elementor-element elementor-element-9d3d5c8 elementor-widget elementor-widget-heading\" data-id=\"9d3d5c8\" data-element_type=\"widget\" data-e-type=\"widget\" data-widget_type=\"heading.default\">\n\t\t\t\t<div class=\"elementor-widget-container\">\n\t\t\t\t\t<h3 class=\"elementor-heading-title elementor-size-default\">ECHTERNACH 2<\/h3>\t\t\t\t<\/div>\n\t\t\t\t<\/div>\n\t\t\t\t<div class=\"elementor-element elementor-element-141fac8 elementor-widget elementor-widget-heading\" data-id=\"141fac8\" data-element_type=\"widget\" data-e-type=\"widget\" data-widget_type=\"heading.default\">\n\t\t\t\t<div class=\"elementor-widget-container\">\n\t\t\t\t\t<h6 class=\"elementor-heading-title elementor-size-default\">Commissariat de Police (ancienne Hospice) <\/h6>\t\t\t\t<\/div>\n\t\t\t\t<\/div>\n\t\t\t\t<div class=\"elementor-element elementor-element-2549a95 elementor-icon-list--layout-traditional elementor-list-item-link-full_width elementor-widget elementor-widget-icon-list\" data-id=\"2549a95\" data-element_type=\"widget\" data-e-type=\"widget\" data-widget_type=\"icon-list.default\">\n\t\t\t\t<div class=\"elementor-widget-container\">\n\t\t\t\t\t\t\t<ul class=\"elementor-icon-list-items\">\n\t\t\t\t\t\t\t<li class=\"elementor-icon-list-item\">\n\t\t\t\t\t\t\t\t\t\t\t<span class=\"elementor-icon-list-icon\">\n\t\t\t\t\t\t\t<i aria-hidden=\"true\" class=\"fas fa-minus\"><\/i>\t\t\t\t\t\t<\/span>\n\t\t\t\t\t\t\t\t\t\t<span class=\"elementor-icon-list-text\">transfert des bureaux vers 2, rue du Pont en 1978<\/span>\n\t\t\t\t\t\t\t\t\t<\/li>\n\t\t\t\t\t\t<\/ul>\n\t\t\t\t\t\t<\/div>\n\t\t\t\t<\/div>\n\t\t\t\t\t<\/div>\n\t\t<\/div>\n\t\t\t\t<div class=\"elementor-column elementor-col-50 elementor-inner-column elementor-element elementor-element-ce87d66\" data-id=\"ce87d66\" data-element_type=\"column\" data-e-type=\"column\">\n\t\t\t<div class=\"elementor-widget-wrap elementor-element-populated\">\n\t\t\t\t\t\t<div class=\"elementor-element elementor-element-11ba654 elementor-widget elementor-widget-image\" data-id=\"11ba654\" data-element_type=\"widget\" data-e-type=\"widget\" data-widget_type=\"image.default\">\n\t\t\t\t<div class=\"elementor-widget-container\">\n\t\t\t\t\t\t\t\t\t\t\t\t\t\t\t<img loading=\"lazy\" decoding=\"async\" width=\"1024\" height=\"683\" src=\"https:\/\/policemusee.lu\/wp-content\/uploads\/2023\/06\/20210826-Iechternach-13-1024x683.jpg\" class=\"attachment-large size-large wp-image-3771\" alt=\"\" srcset=\"https:\/\/policemusee.lu\/wp-content\/uploads\/2023\/06\/20210826-Iechternach-13-1024x683.jpg 1024w, https:\/\/policemusee.lu\/wp-content\/uploads\/2023\/06\/20210826-Iechternach-13-300x200.jpg 300w, https:\/\/policemusee.lu\/wp-content\/uploads\/2023\/06\/20210826-Iechternach-13-768x512.jpg 768w, https:\/\/policemusee.lu\/wp-content\/uploads\/2023\/06\/20210826-Iechternach-13-1536x1024.jpg 1536w, https:\/\/policemusee.lu\/wp-content\/uploads\/2023\/06\/20210826-Iechternach-13-2048x1365.jpg 2048w, https:\/\/policemusee.lu\/wp-content\/uploads\/2023\/06\/20210826-Iechternach-13-18x12.jpg 18w\" sizes=\"(max-width: 1024px) 100vw, 1024px\" \/>\t\t\t\t\t\t\t\t\t\t\t\t\t\t\t<\/div>\n\t\t\t\t<\/div>\n\t\t\t\t\t<\/div>\n\t\t<\/div>\n\t\t\t\t\t<\/div>\n\t\t<\/section>\n\t\t\t\t<section class=\"elementor-section elementor-inner-section elementor-element elementor-element-7895c9f elementor-section-content-middle elementor-section-boxed elementor-section-height-default elementor-section-height-default\" data-id=\"7895c9f\" data-element_type=\"section\" data-e-type=\"section\">\n\t\t\t\t\t\t<div class=\"elementor-container elementor-column-gap-default\">\n\t\t\t\t\t<div class=\"elementor-column elementor-col-50 elementor-inner-column elementor-element elementor-element-2d159a6\" data-id=\"2d159a6\" data-element_type=\"column\" data-e-type=\"column\">\n\t\t\t<div class=\"elementor-widget-wrap elementor-element-populated\">\n\t\t\t\t\t\t<div class=\"elementor-element elementor-element-6288606 elementor-widget elementor-widget-heading\" data-id=\"6288606\" data-element_type=\"widget\" data-e-type=\"widget\" data-widget_type=\"heading.default\">\n\t\t\t\t<div class=\"elementor-widget-container\">\n\t\t\t\t\t<h3 class=\"elementor-heading-title elementor-size-default\">ECHTERNACH<\/h3>\t\t\t\t<\/div>\n\t\t\t\t<\/div>\n\t\t\t\t<div class=\"elementor-element elementor-element-a8bc61c elementor-widget elementor-widget-heading\" data-id=\"a8bc61c\" data-element_type=\"widget\" data-e-type=\"widget\" data-widget_type=\"heading.default\">\n\t\t\t\t<div class=\"elementor-widget-container\">\n\t\t\t\t\t<h6 class=\"elementor-heading-title elementor-size-default\">Commissariat de Police (Hotel de Ville) <\/h6>\t\t\t\t<\/div>\n\t\t\t\t<\/div>\n\t\t\t\t<div class=\"elementor-element elementor-element-05e8699 elementor-icon-list--layout-traditional elementor-list-item-link-full_width elementor-widget elementor-widget-icon-list\" data-id=\"05e8699\" data-element_type=\"widget\" data-e-type=\"widget\" data-widget_type=\"icon-list.default\">\n\t\t\t\t<div class=\"elementor-widget-container\">\n\t\t\t\t\t\t\t<ul class=\"elementor-icon-list-items\">\n\t\t\t\t\t\t\t<li class=\"elementor-icon-list-item\">\n\t\t\t\t\t\t\t\t\t\t\t<span class=\"elementor-icon-list-icon\">\n\t\t\t\t\t\t\t<i aria-hidden=\"true\" class=\"fas fa-minus\"><\/i>\t\t\t\t\t\t<\/span>\n\t\t\t\t\t\t\t\t\t\t<span class=\"elementor-icon-list-text\">installation du poste de Police en 1840 <\/span>\n\t\t\t\t\t\t\t\t\t<\/li>\n\t\t\t\t\t\t\t\t<li class=\"elementor-icon-list-item\">\n\t\t\t\t\t\t\t\t\t\t\t<span class=\"elementor-icon-list-icon\">\n\t\t\t\t\t\t\t<i aria-hidden=\"true\" class=\"fas fa-minus\"><\/i>\t\t\t\t\t\t<\/span>\n\t\t\t\t\t\t\t\t\t\t<span class=\"elementor-icon-list-text\">effectifs: 1 commissaire et 2 gardes-champ\u00eatres<\/span>\n\t\t\t\t\t\t\t\t\t<\/li>\n\t\t\t\t\t\t\t\t<li class=\"elementor-icon-list-item\">\n\t\t\t\t\t\t\t\t\t\t\t<span class=\"elementor-icon-list-icon\">\n\t\t\t\t\t\t\t<i aria-hidden=\"true\" class=\"fas fa-minus\"><\/i>\t\t\t\t\t\t<\/span>\n\t\t\t\t\t\t\t\t\t\t<span class=\"elementor-icon-list-text\">effectifs depuis 1930 : 1 commissaire et 1 agent<\/span>\n\t\t\t\t\t\t\t\t\t<\/li>\n\t\t\t\t\t\t\t\t<li class=\"elementor-icon-list-item\">\n\t\t\t\t\t\t\t\t\t\t\t<span class=\"elementor-icon-list-icon\">\n\t\t\t\t\t\t\t<i aria-hidden=\"true\" class=\"fas fa-minus\"><\/i>\t\t\t\t\t\t<\/span>\n\t\t\t\t\t\t\t\t\t\t<span class=\"elementor-icon-list-text\">transfert des bureaux vers 2, rue du Pont en 1978<\/span>\n\t\t\t\t\t\t\t\t\t<\/li>\n\t\t\t\t\t\t<\/ul>\n\t\t\t\t\t\t<\/div>\n\t\t\t\t<\/div>\n\t\t\t\t\t<\/div>\n\t\t<\/div>\n\t\t\t\t<div class=\"elementor-column elementor-col-50 elementor-inner-column elementor-element elementor-element-95409c7\" data-id=\"95409c7\" data-element_type=\"column\" data-e-type=\"column\">\n\t\t\t<div class=\"elementor-widget-wrap elementor-element-populated\">\n\t\t\t\t\t\t<div class=\"elementor-element elementor-element-89b3863 elementor-widget elementor-widget-image\" data-id=\"89b3863\" data-element_type=\"widget\" data-e-type=\"widget\" data-widget_type=\"image.default\">\n\t\t\t\t<div class=\"elementor-widget-container\">\n\t\t\t\t\t\t\t\t\t\t\t\t\t\t\t<img loading=\"lazy\" decoding=\"async\" width=\"1024\" height=\"759\" src=\"https:\/\/policemusee.lu\/wp-content\/uploads\/2022\/01\/img230_Police-Echternach-1024x759.jpg\" class=\"attachment-large size-large wp-image-2190\" alt=\"\" srcset=\"https:\/\/policemusee.lu\/wp-content\/uploads\/2022\/01\/img230_Police-Echternach-1024x759.jpg 1024w, https:\/\/policemusee.lu\/wp-content\/uploads\/2022\/01\/img230_Police-Echternach-300x222.jpg 300w, https:\/\/policemusee.lu\/wp-content\/uploads\/2022\/01\/img230_Police-Echternach-768x569.jpg 768w, https:\/\/policemusee.lu\/wp-content\/uploads\/2022\/01\/img230_Police-Echternach-1536x1138.jpg 1536w, https:\/\/policemusee.lu\/wp-content\/uploads\/2022\/01\/img230_Police-Echternach-2048x1517.jpg 2048w, https:\/\/policemusee.lu\/wp-content\/uploads\/2022\/01\/img230_Police-Echternach-16x12.jpg 16w\" sizes=\"(max-width: 1024px) 100vw, 1024px\" \/>\t\t\t\t\t\t\t\t\t\t\t\t\t\t\t<\/div>\n\t\t\t\t<\/div>\n\t\t\t\t\t<\/div>\n\t\t<\/div>\n\t\t\t\t\t<\/div>\n\t\t<\/section>\n\t\t\t\t<section class=\"elementor-section elementor-inner-section elementor-element elementor-element-2fb7f82 elementor-section-content-middle elementor-section-boxed elementor-section-height-default elementor-section-height-default\" data-id=\"2fb7f82\" data-element_type=\"section\" data-e-type=\"section\">\n\t\t\t\t\t\t<div class=\"elementor-container elementor-column-gap-default\">\n\t\t\t\t\t<div class=\"elementor-column elementor-col-50 elementor-inner-column elementor-element elementor-element-7b65952\" data-id=\"7b65952\" data-element_type=\"column\" data-e-type=\"column\">\n\t\t\t<div class=\"elementor-widget-wrap elementor-element-populated\">\n\t\t\t\t\t\t<div class=\"elementor-element elementor-element-3a23a6d elementor-widget elementor-widget-heading\" data-id=\"3a23a6d\" data-element_type=\"widget\" data-e-type=\"widget\" data-widget_type=\"heading.default\">\n\t\t\t\t<div class=\"elementor-widget-container\">\n\t\t\t\t\t<h3 class=\"elementor-heading-title elementor-size-default\">Mersch<\/h3>\t\t\t\t<\/div>\n\t\t\t\t<\/div>\n\t\t\t\t<div class=\"elementor-element elementor-element-f7544b6 elementor-widget elementor-widget-heading\" data-id=\"f7544b6\" data-element_type=\"widget\" data-e-type=\"widget\" data-widget_type=\"heading.default\">\n\t\t\t\t<div class=\"elementor-widget-container\">\n\t\t\t\t\t<h6 class=\"elementor-heading-title elementor-size-default\">ancienne Brigade de Gendarmerie &amp; caserne (logements)<\/h6>\t\t\t\t<\/div>\n\t\t\t\t<\/div>\n\t\t\t\t<div class=\"elementor-element elementor-element-d653763 elementor-icon-list--layout-traditional elementor-list-item-link-full_width elementor-widget elementor-widget-icon-list\" data-id=\"d653763\" data-element_type=\"widget\" data-e-type=\"widget\" data-widget_type=\"icon-list.default\">\n\t\t\t\t<div class=\"elementor-widget-container\">\n\t\t\t\t\t\t\t<ul class=\"elementor-icon-list-items\">\n\t\t\t\t\t\t\t<li class=\"elementor-icon-list-item\">\n\t\t\t\t\t\t\t\t\t\t\t<span class=\"elementor-icon-list-icon\">\n\t\t\t\t\t\t\t<i aria-hidden=\"true\" class=\"fas fa-minus\"><\/i>\t\t\t\t\t\t<\/span>\n\t\t\t\t\t\t\t\t\t\t<span class=\"elementor-icon-list-text\"> route de Colmar-Berg<\/span>\n\t\t\t\t\t\t\t\t\t<\/li>\n\t\t\t\t\t\t<\/ul>\n\t\t\t\t\t\t<\/div>\n\t\t\t\t<\/div>\n\t\t\t\t\t<\/div>\n\t\t<\/div>\n\t\t\t\t<div class=\"elementor-column elementor-col-50 elementor-inner-column elementor-element elementor-element-a3bb9d0\" data-id=\"a3bb9d0\" data-element_type=\"column\" data-e-type=\"column\">\n\t\t\t<div class=\"elementor-widget-wrap elementor-element-populated\">\n\t\t\t\t\t\t<div class=\"elementor-element elementor-element-50f1544 elementor-widget elementor-widget-image\" data-id=\"50f1544\" data-element_type=\"widget\" data-e-type=\"widget\" data-widget_type=\"image.default\">\n\t\t\t\t<div class=\"elementor-widget-container\">\n\t\t\t\t\t\t\t\t\t\t\t\t\t\t\t<img decoding=\"async\" src=\"https:\/\/policemusee.lu\/wp-content\/uploads\/2023\/04\/Gie-Brigade-Mersch-scaled.jpg\" title=\"\" alt=\"\" loading=\"lazy\" \/>\t\t\t\t\t\t\t\t\t\t\t\t\t\t\t<\/div>\n\t\t\t\t<\/div>\n\t\t\t\t\t<\/div>\n\t\t<\/div>\n\t\t\t\t\t<\/div>\n\t\t<\/section>\n\t\t\t\t<section class=\"elementor-section elementor-inner-section elementor-element elementor-element-7ff0fa2 elementor-section-content-middle elementor-section-boxed elementor-section-height-default elementor-section-height-default\" data-id=\"7ff0fa2\" data-element_type=\"section\" data-e-type=\"section\">\n\t\t\t\t\t\t<div class=\"elementor-container elementor-column-gap-default\">\n\t\t\t\t\t<div class=\"elementor-column elementor-col-50 elementor-inner-column elementor-element elementor-element-369613c\" data-id=\"369613c\" data-element_type=\"column\" data-e-type=\"column\">\n\t\t\t<div class=\"elementor-widget-wrap elementor-element-populated\">\n\t\t\t\t\t\t<div class=\"elementor-element elementor-element-53de2c3 elementor-widget elementor-widget-heading\" data-id=\"53de2c3\" data-element_type=\"widget\" data-e-type=\"widget\" data-widget_type=\"heading.default\">\n\t\t\t\t<div class=\"elementor-widget-container\">\n\t\t\t\t\t<h3 class=\"elementor-heading-title elementor-size-default\">VIANDEN<\/h3>\t\t\t\t<\/div>\n\t\t\t\t<\/div>\n\t\t\t\t<div class=\"elementor-element elementor-element-124d6ae elementor-widget elementor-widget-heading\" data-id=\"124d6ae\" data-element_type=\"widget\" data-e-type=\"widget\" data-widget_type=\"heading.default\">\n\t\t\t\t<div class=\"elementor-widget-container\">\n\t\t\t\t\t<h6 class=\"elementor-heading-title elementor-size-default\">Brigade de Gendarmerie &amp; caserne (logements)<\/h6>\t\t\t\t<\/div>\n\t\t\t\t<\/div>\n\t\t\t\t<div class=\"elementor-element elementor-element-4a0ac81 elementor-icon-list--layout-traditional elementor-list-item-link-full_width elementor-widget elementor-widget-icon-list\" data-id=\"4a0ac81\" data-element_type=\"widget\" data-e-type=\"widget\" data-widget_type=\"icon-list.default\">\n\t\t\t\t<div class=\"elementor-widget-container\">\n\t\t\t\t\t\t\t<ul class=\"elementor-icon-list-items\">\n\t\t\t\t\t\t\t<li class=\"elementor-icon-list-item\">\n\t\t\t\t\t\t\t\t\t\t\t<span class=\"elementor-icon-list-icon\">\n\t\t\t\t\t\t\t<i aria-hidden=\"true\" class=\"fas fa-minus\"><\/i>\t\t\t\t\t\t<\/span>\n\t\t\t\t\t\t\t\t\t\t<span class=\"elementor-icon-list-text\"> <\/span>\n\t\t\t\t\t\t\t\t\t<\/li>\n\t\t\t\t\t\t<\/ul>\n\t\t\t\t\t\t<\/div>\n\t\t\t\t<\/div>\n\t\t\t\t\t<\/div>\n\t\t<\/div>\n\t\t\t\t<div class=\"elementor-column elementor-col-50 elementor-inner-column elementor-element elementor-element-66e96c7\" data-id=\"66e96c7\" data-element_type=\"column\" data-e-type=\"column\">\n\t\t\t<div class=\"elementor-widget-wrap elementor-element-populated\">\n\t\t\t\t\t\t<div class=\"elementor-element elementor-element-f1ac13b elementor-widget elementor-widget-image\" data-id=\"f1ac13b\" data-element_type=\"widget\" data-e-type=\"widget\" data-widget_type=\"image.default\">\n\t\t\t\t<div class=\"elementor-widget-container\">\n\t\t\t\t\t\t\t\t\t\t\t\t\t\t\t<img loading=\"lazy\" decoding=\"async\" width=\"1024\" height=\"687\" src=\"https:\/\/policemusee.lu\/wp-content\/uploads\/2023\/01\/Brigade-VIANDEN_1-1024x687.jpg\" class=\"attachment-large size-large wp-image-3169\" alt=\"\" srcset=\"https:\/\/policemusee.lu\/wp-content\/uploads\/2023\/01\/Brigade-VIANDEN_1-1024x687.jpg 1024w, https:\/\/policemusee.lu\/wp-content\/uploads\/2023\/01\/Brigade-VIANDEN_1-300x201.jpg 300w, https:\/\/policemusee.lu\/wp-content\/uploads\/2023\/01\/Brigade-VIANDEN_1-768x516.jpg 768w, https:\/\/policemusee.lu\/wp-content\/uploads\/2023\/01\/Brigade-VIANDEN_1-1536x1031.jpg 1536w, https:\/\/policemusee.lu\/wp-content\/uploads\/2023\/01\/Brigade-VIANDEN_1-18x12.jpg 18w, https:\/\/policemusee.lu\/wp-content\/uploads\/2023\/01\/Brigade-VIANDEN_1.jpg 1795w\" sizes=\"(max-width: 1024px) 100vw, 1024px\" \/>\t\t\t\t\t\t\t\t\t\t\t\t\t\t\t<\/div>\n\t\t\t\t<\/div>\n\t\t\t\t\t<\/div>\n\t\t<\/div>\n\t\t\t\t\t<\/div>\n\t\t<\/section>\n\t\t\t\t<section class=\"elementor-section elementor-inner-section elementor-element elementor-element-20c6cdf elementor-section-content-middle elementor-section-boxed elementor-section-height-default elementor-section-height-default\" data-id=\"20c6cdf\" data-element_type=\"section\" data-e-type=\"section\">\n\t\t\t\t\t\t<div class=\"elementor-container elementor-column-gap-default\">\n\t\t\t\t\t<div class=\"elementor-column elementor-col-50 elementor-inner-column elementor-element elementor-element-d849bd3\" data-id=\"d849bd3\" data-element_type=\"column\" data-e-type=\"column\">\n\t\t\t<div class=\"elementor-widget-wrap elementor-element-populated\">\n\t\t\t\t\t\t<div class=\"elementor-element elementor-element-482aa36 elementor-widget elementor-widget-heading\" data-id=\"482aa36\" data-element_type=\"widget\" data-e-type=\"widget\" data-widget_type=\"heading.default\">\n\t\t\t\t<div class=\"elementor-widget-container\">\n\t\t\t\t\t<h3 class=\"elementor-heading-title elementor-size-default\">Redange-Attert<\/h3>\t\t\t\t<\/div>\n\t\t\t\t<\/div>\n\t\t\t\t<div class=\"elementor-element elementor-element-e9a3b2f elementor-widget elementor-widget-heading\" data-id=\"e9a3b2f\" data-element_type=\"widget\" data-e-type=\"widget\" data-widget_type=\"heading.default\">\n\t\t\t\t<div class=\"elementor-widget-container\">\n\t\t\t\t\t<h6 class=\"elementor-heading-title elementor-size-default\">ancienne Brigade de Gendarmerie &amp; logements.\nactuellement bureaux de la Police Grand-Ducale<\/h6>\t\t\t\t<\/div>\n\t\t\t\t<\/div>\n\t\t\t\t<div class=\"elementor-element elementor-element-120b276 elementor-icon-list--layout-traditional elementor-list-item-link-full_width elementor-widget elementor-widget-icon-list\" data-id=\"120b276\" data-element_type=\"widget\" data-e-type=\"widget\" data-widget_type=\"icon-list.default\">\n\t\t\t\t<div class=\"elementor-widget-container\">\n\t\t\t\t\t\t\t<ul class=\"elementor-icon-list-items\">\n\t\t\t\t\t\t\t<li class=\"elementor-icon-list-item\">\n\t\t\t\t\t\t\t\t\t\t\t<span class=\"elementor-icon-list-icon\">\n\t\t\t\t\t\t\t<i aria-hidden=\"true\" class=\"fas fa-minus\"><\/i>\t\t\t\t\t\t<\/span>\n\t\t\t\t\t\t\t\t\t\t<span class=\"elementor-icon-list-text\"> <\/span>\n\t\t\t\t\t\t\t\t\t<\/li>\n\t\t\t\t\t\t<\/ul>\n\t\t\t\t\t\t<\/div>\n\t\t\t\t<\/div>\n\t\t\t\t\t<\/div>\n\t\t<\/div>\n\t\t\t\t<div class=\"elementor-column elementor-col-50 elementor-inner-column elementor-element elementor-element-66421f3\" data-id=\"66421f3\" data-element_type=\"column\" data-e-type=\"column\">\n\t\t\t<div class=\"elementor-widget-wrap elementor-element-populated\">\n\t\t\t\t\t\t<div class=\"elementor-element elementor-element-3556888 elementor-widget elementor-widget-image\" data-id=\"3556888\" data-element_type=\"widget\" data-e-type=\"widget\" data-widget_type=\"image.default\">\n\t\t\t\t<div class=\"elementor-widget-container\">\n\t\t\t\t\t\t\t\t\t\t\t\t\t\t\t<img decoding=\"async\" src=\"https:\/\/policemusee.lu\/wp-content\/uploads\/2023\/04\/atertRedange.jpg\" title=\"\" alt=\"\" loading=\"lazy\" \/>\t\t\t\t\t\t\t\t\t\t\t\t\t\t\t<\/div>\n\t\t\t\t<\/div>\n\t\t\t\t\t<\/div>\n\t\t<\/div>\n\t\t\t\t\t<\/div>\n\t\t<\/section>\n\t\t\t\t\t<\/div>\n\t\t<\/div>\n\t\t\t\t\t<\/div>\n\t\t<\/section>\n\t\t\t\t<section class=\"elementor-section elementor-top-section elementor-element elementor-element-27665bc elementor-reverse-tablet elementor-reverse-mobile elementor-section-boxed elementor-section-height-default elementor-section-height-default\" data-id=\"27665bc\" data-element_type=\"section\" data-e-type=\"section\">\n\t\t\t\t\t\t<div class=\"elementor-container elementor-column-gap-default\">\n\t\t\t\t\t<div class=\"elementor-column elementor-col-100 elementor-top-column elementor-element elementor-element-ff4bbe5\" data-id=\"ff4bbe5\" data-element_type=\"column\" data-e-type=\"column\">\n\t\t\t<div class=\"elementor-widget-wrap elementor-element-populated\">\n\t\t\t\t\t\t<section class=\"elementor-section elementor-inner-section elementor-element elementor-element-522cd11 elementor-section-content-middle elementor-section-boxed elementor-section-height-default elementor-section-height-default\" data-id=\"522cd11\" data-element_type=\"section\" data-e-type=\"section\">\n\t\t\t\t\t\t<div class=\"elementor-container elementor-column-gap-default\">\n\t\t\t\t\t<div class=\"elementor-column elementor-col-50 elementor-inner-column elementor-element elementor-element-683fe18\" data-id=\"683fe18\" data-element_type=\"column\" data-e-type=\"column\">\n\t\t\t<div class=\"elementor-widget-wrap elementor-element-populated\">\n\t\t\t\t\t\t<div class=\"elementor-element elementor-element-26d9723 elementor-widget elementor-widget-heading\" data-id=\"26d9723\" data-element_type=\"widget\" data-e-type=\"widget\" data-widget_type=\"heading.default\">\n\t\t\t\t<div class=\"elementor-widget-container\">\n\t\t\t\t\t<h3 class=\"elementor-heading-title elementor-size-default\">Steinfort 2<\/h3>\t\t\t\t<\/div>\n\t\t\t\t<\/div>\n\t\t\t\t<div class=\"elementor-element elementor-element-dc1caf2 elementor-widget elementor-widget-heading\" data-id=\"dc1caf2\" data-element_type=\"widget\" data-e-type=\"widget\" data-widget_type=\"heading.default\">\n\t\t\t\t<div class=\"elementor-widget-container\">\n\t\t\t\t\t<h6 class=\"elementor-heading-title elementor-size-default\">ancienne brigade de Gendarmerie &amp; commissariat de Police<\/h6>\t\t\t\t<\/div>\n\t\t\t\t<\/div>\n\t\t\t\t<div class=\"elementor-element elementor-element-36f0239 elementor-icon-list--layout-traditional elementor-list-item-link-full_width elementor-widget elementor-widget-icon-list\" data-id=\"36f0239\" data-element_type=\"widget\" data-e-type=\"widget\" data-widget_type=\"icon-list.default\">\n\t\t\t\t<div class=\"elementor-widget-container\">\n\t\t\t\t\t\t\t<ul class=\"elementor-icon-list-items\">\n\t\t\t\t\t\t\t<li class=\"elementor-icon-list-item\">\n\t\t\t\t\t\t\t\t\t\t\t<span class=\"elementor-icon-list-icon\">\n\t\t\t\t\t\t\t<i aria-hidden=\"true\" class=\"fas fa-minus\"><\/i>\t\t\t\t\t\t<\/span>\n\t\t\t\t\t\t\t\t\t\t<span class=\"elementor-icon-list-text\">route d\u00b4Arlon 48 \u00e0 Steinfort<\/span>\n\t\t\t\t\t\t\t\t\t<\/li>\n\t\t\t\t\t\t<\/ul>\n\t\t\t\t\t\t<\/div>\n\t\t\t\t<\/div>\n\t\t\t\t\t<\/div>\n\t\t<\/div>\n\t\t\t\t<div class=\"elementor-column elementor-col-50 elementor-inner-column elementor-element elementor-element-e54e141\" data-id=\"e54e141\" data-element_type=\"column\" data-e-type=\"column\">\n\t\t\t<div class=\"elementor-widget-wrap elementor-element-populated\">\n\t\t\t\t\t\t<div class=\"elementor-element elementor-element-8ccd6ab elementor-widget elementor-widget-image\" data-id=\"8ccd6ab\" data-element_type=\"widget\" data-e-type=\"widget\" data-widget_type=\"image.default\">\n\t\t\t\t<div class=\"elementor-widget-container\">\n\t\t\t\t\t\t\t\t\t\t\t\t\t\t\t<img loading=\"lazy\" decoding=\"async\" width=\"1024\" height=\"722\" src=\"https:\/\/policemusee.lu\/wp-content\/uploads\/2023\/07\/1960-70-Gendarmerie-1024x722.jpg\" class=\"attachment-large size-large wp-image-3924\" alt=\"\" srcset=\"https:\/\/policemusee.lu\/wp-content\/uploads\/2023\/07\/1960-70-Gendarmerie-1024x722.jpg 1024w, https:\/\/policemusee.lu\/wp-content\/uploads\/2023\/07\/1960-70-Gendarmerie-300x211.jpg 300w, https:\/\/policemusee.lu\/wp-content\/uploads\/2023\/07\/1960-70-Gendarmerie-768x541.jpg 768w, https:\/\/policemusee.lu\/wp-content\/uploads\/2023\/07\/1960-70-Gendarmerie-1536x1083.jpg 1536w, https:\/\/policemusee.lu\/wp-content\/uploads\/2023\/07\/1960-70-Gendarmerie-2048x1444.jpg 2048w, https:\/\/policemusee.lu\/wp-content\/uploads\/2023\/07\/1960-70-Gendarmerie-18x12.jpg 18w\" sizes=\"(max-width: 1024px) 100vw, 1024px\" \/>\t\t\t\t\t\t\t\t\t\t\t\t\t\t\t<\/div>\n\t\t\t\t<\/div>\n\t\t\t\t\t<\/div>\n\t\t<\/div>\n\t\t\t\t\t<\/div>\n\t\t<\/section>\n\t\t\t\t\t<\/div>\n\t\t<\/div>\n\t\t\t\t\t<\/div>\n\t\t<\/section>\n\t\t\t\t<section class=\"elementor-section elementor-top-section elementor-element elementor-element-e780a45 elementor-section-boxed elementor-section-height-default elementor-section-height-default\" data-id=\"e780a45\" data-element_type=\"section\" data-e-type=\"section\">\n\t\t\t\t\t\t<div class=\"elementor-container elementor-column-gap-default\">\n\t\t\t\t\t<div class=\"elementor-column elementor-col-100 elementor-top-column elementor-element elementor-element-fdb2725\" data-id=\"fdb2725\" data-element_type=\"column\" data-e-type=\"column\">\n\t\t\t<div class=\"elementor-widget-wrap elementor-element-populated\">\n\t\t\t\t\t\t<div class=\"elementor-element elementor-element-c06d7f7 elementor-widget elementor-widget-heading\" data-id=\"c06d7f7\" data-element_type=\"widget\" data-e-type=\"widget\" data-widget_type=\"heading.default\">\n\t\t\t\t<div class=\"elementor-widget-container\">\n\t\t\t\t\t<h2 class=\"elementor-heading-title elementor-size-default\">Historique de la caserne de gendarmerie au Verlorenkost<\/h2>\t\t\t\t<\/div>\n\t\t\t\t<\/div>\n\t\t\t\t<div class=\"elementor-element elementor-element-1e85c99 elementor-widget elementor-widget-text-editor\" data-id=\"1e85c99\" data-element_type=\"widget\" data-e-type=\"widget\" data-widget_type=\"text-editor.default\">\n\t\t\t\t<div class=\"elementor-widget-container\">\n\t\t\t\t\t\t\t\t\t<p>Depuis 1881 et jusqu&rsquo;\u00e0 l&rsquo;occupation par les troupes allemandes en 1940, la force arm\u00e9e luxembourgeoise se composait d&rsquo;une compagnie de gendarmes et d&rsquo;une compagnie de volontaires plac\u00e9es sous les ordres d&rsquo;un Major-commandant.<br \/>La compagnie des volontaires, la brigade de Luxembourg et diff\u00e9rents services de la Gendarmerie grand-ducale ainsi que leur commandement \u00e9taient h\u00e9berg\u00e9s \u00e0 la caserne du Saint-Esprit \u00e0 Luxembourg-Ville.<\/p><p><img loading=\"lazy\" decoding=\"async\" class=\"aligncenter wp-image-5271 size-full\" src=\"https:\/\/policemusee.lu\/wp-content\/uploads\/2025\/01\/Caserne-1-e1736252693389.png\" alt=\"\" width=\"859\" height=\"669\" srcset=\"https:\/\/policemusee.lu\/wp-content\/uploads\/2025\/01\/Caserne-1-e1736252693389.png 859w, https:\/\/policemusee.lu\/wp-content\/uploads\/2025\/01\/Caserne-1-e1736252693389-300x234.png 300w, https:\/\/policemusee.lu\/wp-content\/uploads\/2025\/01\/Caserne-1-e1736252693389-768x598.png 768w, https:\/\/policemusee.lu\/wp-content\/uploads\/2025\/01\/Caserne-1-e1736252693389-15x12.png 15w\" sizes=\"(max-width: 859px) 100vw, 859px\" \/><\/p><p><em>\u00a0L\u2019entr\u00e9e de la caserne du Saint-Esprit dans les ann\u00e9es 50 avec vue sur le b\u00e2timent qui h\u00e9bergeait la brigade de Luxembourg du 17 septembre 1881 jusqu\u2019au 15 janvier 1952. <\/em><em style=\"font-size: 16px;\">Photo\u00a0: Collection Policemus\u00e9e<\/em><\/p><p>Apr\u00e8s la seconde guerre mondiale, la force arm\u00e9e a d\u00fb \u00eatre recr\u00e9\u00e9e et r\u00e9organis\u00e9e, car elle avait \u00e9t\u00e9 dissoute par les occupants. A cette fin, la loi du 16 f\u00e9vrier 1881 relative \u00e0 la compagnie de volontaires fut abrog\u00e9e d\u00e8s le 14 juin 1944 \u2018jusqu&rsquo;\u00e0 nouvel ordre\u2019 et de ce fait, la Compagnie de gendarmes et de volontaires arr\u00eatait d&rsquo;exister sous son ancienne forme.<\/p><p>Le 30 novembre 1944, le service militaire obligatoire a \u00e9t\u00e9 introduit. Ensuite, par arr\u00eat\u00e9 grand-ducal du 4 juin 1945, la Gendarmerie \u00e9tait r\u00e9organis\u00e9e et ses effectifs \u00e9taient augment\u00e9s jusqu&rsquo;\u00e0 338 unit\u00e9s.<\/p><p>Cette augmentation de l&rsquo;ensemble du corps de Gendarmerie mais aussi l&rsquo;augmentation des membres de la brigade de Luxembourg jusqu&rsquo;\u00e0 100 unit\u00e9s pos\u00e8rent \u00e0 la Gendarmerie de nouveaux probl\u00e8mes d\u2019espaces et de bureaux, d\u2019autant plus qu\u2019il avait \u00e9t\u00e9 d\u00e9cr\u00e9t\u00e9 qu\u2019elle devait, \u00e0 partir de 1952, abandonner ses locaux de la caserne du St. Esprit en faveur de la nouvelle arm\u00e9e luxembourgeoise.<\/p><p>C&rsquo;est ainsi qu\u2019en 1947, le SSP (Service de la S\u00fbret\u00e9 publique) et, un peu plus tard,<br \/>le commandement de la Gendarmerie ont \u00e9t\u00e9 install\u00e9s dans un b\u00e2timent de 22 bureaux au n\u00b0 31 du boulevard Franklin D. Roosevelt \u00e0 Luxembourg-Ville. En 1951, le SSP d\u00e9m\u00e9nagea de nouveau et ce au n\u00b01 de la rue de la Poste. Quant \u00e0 la brigade de Luxembourg, elle \u00e9tait install\u00e9e au n\u00b018 de la rue Jean Jaur\u00e8s dans le quartier de Hollerich \u00e0 partir du 15 janvier 1952.<\/p><p><img loading=\"lazy\" decoding=\"async\" class=\"aligncenter wp-image-5272 size-full\" src=\"https:\/\/policemusee.lu\/wp-content\/uploads\/2025\/01\/Jean-Jaures.png\" alt=\"\" width=\"505\" height=\"374\" srcset=\"https:\/\/policemusee.lu\/wp-content\/uploads\/2025\/01\/Jean-Jaures.png 505w, https:\/\/policemusee.lu\/wp-content\/uploads\/2025\/01\/Jean-Jaures-300x222.png 300w, https:\/\/policemusee.lu\/wp-content\/uploads\/2025\/01\/Jean-Jaures-16x12.png 16w\" sizes=\"(max-width: 505px) 100vw, 505px\" \/><\/p><p><em>\u00a0 \u00a0 \u00a0 \u00a0 \u00a0 \u00a0B\u00e2timent au n\u00b0 18, rue Jean Jaur\u00e8s \u00e0 Hollerich qui h\u00e9bergeait la brigade <\/em><em style=\"font-size: 16px;\">de Luxembourg du 15 janvier 1952 jusqu\u2019au 2 d\u00e9cembre 1955.\u00a0 \u00a0 \u00a0 \u00a0 \u00a0 \u00a0 \u00a0 \u00a0 \u00a0 \u00a0 \u00a0 \u00a0 \u00a0 \u00a0 \u00a0 \u00a0 \u00a0 \u00a0 \u00a0 \u00a0 \u00a0 \u00a0 \u00a0 \u00a0 \u00a0 \u00a0 \u00a0 \u00a0 \u00a0 \u00a0 \u00a0 \u00a0 \u00a0 \u00a0 \u00a0 \u00a0 \u00a0 \u00a0 \u00a0 \u00a0 \u00a0 \u00a0 \u00a0 \u00a0 \u00a0 \u00a0 \u00a0 \u00a0 \u00a0 \u00a0 \u00a0 \u00a0 \u00a0 \u00a0 \u00a0 \u00a0 \u00a0 \u00a0 \u00a0 \u00a0 \u00a0 \u00a0<\/em><em style=\"font-size: 16px;\">Photo: Collection Policemus\u00e9e<\/em><\/p><p>D\u00e8s la r\u00e9organisation de la Gendarmerie \u00e0 la fin de la seconde guerre mondiale, ses diff\u00e9rents services \u00e9taient donc dispers\u00e9s \u00e0 travers la ville de Luxembourg avec un manque de place notoire. Cette situation ne pouvait plus durer et il fallait trouver une nouvelle solution.<\/p><p>Probablement \u00e0 cette fin a \u00e9t\u00e9 cr\u00e9\u00e9e, le 12 avril 1949, par les membres de la Chambre des D\u00e9put\u00e9s une section centrale pour le projet de loi n\u00b0 242 concernant la construction de b\u00e2timents pour la Gendarmerie au Verlorenkost.<\/p><p>Finalement, par la loi du 3 ao\u00fbt 1949, le Gouvernement a \u00e9t\u00e9 autoris\u00e9 \u00e0 construire 17 b\u00e2timents pour les divers services avec notamment 113 logements de service. D\u00e9penses totales pr\u00e9vues: 75.000.000 Flux. <em>(M\u00e9morial A36 du 6 ao\u00fbt 1949).<\/em><\/p><p>L\u2019architecte de l\u2019Etat Hubert Schumacher fut charg\u00e9 de l\u2019\u00e9tablissement des plans et au courant du mois de d\u00e9cembre 1949, les premiers avis d\u2019adjudication concernant les soumissions pour l\u2019ex\u00e9cution des travaux de gros \u0153uvres ont \u00e9t\u00e9 publi\u00e9s dans les quotidiens luxembourgeois et les premiers travaux commenc\u00e8rent probablement en 1950.<\/p><p><em> <img loading=\"lazy\" decoding=\"async\" class=\"aligncenter wp-image-5273 size-full\" src=\"https:\/\/policemusee.lu\/wp-content\/uploads\/2025\/01\/Publication.png\" alt=\"\" width=\"339\" height=\"583\" srcset=\"https:\/\/policemusee.lu\/wp-content\/uploads\/2025\/01\/Publication.png 339w, https:\/\/policemusee.lu\/wp-content\/uploads\/2025\/01\/Publication-174x300.png 174w, https:\/\/policemusee.lu\/wp-content\/uploads\/2025\/01\/Publication-7x12.png 7w\" sizes=\"(max-width: 339px) 100vw, 339px\" \/><\/em><\/p><p><em>\u00a0 \u00a0 \u00a0 \u00a0 \u00a0 \u00a0 \u00a0 \u00a0 \u00a0 \u00a0 \u00a0 \u00a0 \u00a0 \u00a0 \u00a0 \u00a0 \u00a0 \u00a0 \u00a0 \u00a0 \u00a0 \u00a0 \u00a0 \u00a0 \u00a0 \u00a0 \u00a0 \u00a0 \u00a0 \u00a0 \u00a0 \u00a0<\/em><em style=\"font-size: 16px;\">Avis d\u2019adjudication paru dans le quotidien \u00ab\u00a0Luxemburger Wort\u00a0\u00bb le 12.12.1944<\/em><\/p><p>La caserne fut construite sur le plateau du Verlorenkost, le long de la rue Auguste Lumi\u00e8re et \u00e0 proximit\u00e9 du Laboratoire bact\u00e9riologique de l\u2019Etat. Quatre b\u00e2timents principaux avec des annexes \u00e9taient \u00e9rig\u00e9s pour h\u00e9berger dans le futur diff\u00e9rents services dont entre autres le commandement, la brigade de Luxembourg (\u00e0 partir du 15.12.1955) et le SSP (plus tard Service de Police Judiciaire (SPJ)). Arrivaient ensuite le C.R.J.J (\u00e0 partir du 02.01.1973), le bureau de presse GENDAPOL (\u00e0 partir du 05.01.1976), le RIFO (R\u00e9seau Int\u00e9gr\u00e9 des Forces de l\u2019Ordre (son pr\u00e9d\u00e9cesseur, le <em>Charly Romeo<\/em>, avait d\u00e9but\u00e9 le 22.01.1979)) ainsi que des logements de service pour les gendarmes. Les num\u00e9ros 3, 5, 7, 9, 11, 13, 15, 17 et 19 ont \u00e9t\u00e9 attribu\u00e9s aux diff\u00e9rentes parties de ces b\u00e2timents.<\/p><p><img loading=\"lazy\" decoding=\"async\" class=\"aligncenter wp-image-5274 size-full\" src=\"https:\/\/policemusee.lu\/wp-content\/uploads\/2025\/01\/Inauguration.png\" alt=\"\" width=\"1009\" height=\"620\" srcset=\"https:\/\/policemusee.lu\/wp-content\/uploads\/2025\/01\/Inauguration.png 1009w, https:\/\/policemusee.lu\/wp-content\/uploads\/2025\/01\/Inauguration-300x184.png 300w, https:\/\/policemusee.lu\/wp-content\/uploads\/2025\/01\/Inauguration-768x472.png 768w, https:\/\/policemusee.lu\/wp-content\/uploads\/2025\/01\/Inauguration-18x12.png 18w\" sizes=\"(max-width: 1009px) 100vw, 1009px\" \/><\/p><p><em>\u00a0<\/em><em style=\"font-size: 16px;\">Inauguration officielle des parties 11 \u00e0 15 des b\u00e2timents de la Gendarmerie dans la rue\u00a0<\/em><em style=\"font-size: 16px;\">Auguste Lumi\u00e8re en 1952. A l\u2019arri\u00e8re-plan, \u00e0 gauche,<\/em> <em style=\"font-size: 16px;\">le laboratoire bact\u00e9riologique de l\u2019Etat.\u00a0<\/em><em style=\"font-size: 16px;\">Photo: Collection Policemus\u00e9e<\/em><\/p><p><em> <img loading=\"lazy\" decoding=\"async\" class=\"aligncenter wp-image-5275 size-full\" src=\"https:\/\/policemusee.lu\/wp-content\/uploads\/2025\/01\/Arrire.png\" alt=\"\" width=\"924\" height=\"590\" srcset=\"https:\/\/policemusee.lu\/wp-content\/uploads\/2025\/01\/Arrire.png 924w, https:\/\/policemusee.lu\/wp-content\/uploads\/2025\/01\/Arrire-300x192.png 300w, https:\/\/policemusee.lu\/wp-content\/uploads\/2025\/01\/Arrire-768x490.png 768w, https:\/\/policemusee.lu\/wp-content\/uploads\/2025\/01\/Arrire-18x12.png 18w\" sizes=\"(max-width: 924px) 100vw, 924px\" \/><\/em><\/p><p><em>\u00a0 \u00a0 \u00a0 \u00a0 \u00a0 \u00a0 \u00a0 \u00a0<\/em><em style=\"font-size: 16px;\">Vue de l\u2019arri\u00e8re des parties 11 \u00e0 15 des b\u00e2timents de la Gendarmerie longeant la rue Auguste\u00a0<\/em><em style=\"font-size: 16px;\">Lumi\u00e8re. Photo\u00a0: Collection Policemus\u00e9e.<\/em><\/p><p><em style=\"font-size: 16px;\"><img loading=\"lazy\" decoding=\"async\" class=\"aligncenter wp-image-5276 size-full\" src=\"https:\/\/policemusee.lu\/wp-content\/uploads\/2025\/01\/Brig-Lux.png\" alt=\"\" width=\"745\" height=\"432\" srcset=\"https:\/\/policemusee.lu\/wp-content\/uploads\/2025\/01\/Brig-Lux.png 745w, https:\/\/policemusee.lu\/wp-content\/uploads\/2025\/01\/Brig-Lux-300x174.png 300w, https:\/\/policemusee.lu\/wp-content\/uploads\/2025\/01\/Brig-Lux-18x10.png 18w\" sizes=\"(max-width: 745px) 100vw, 745px\" \/><\/em><\/p><p><em>\u00a0 \u00a0 \u00a0 \u00a0 \u00a0 \u00a0 \u00a0 \u00a0 \u00a0 \u00a0 \u00a0 \u00a0 \u00a0 \u00a0 \u00a0 \u00a0 \u00a0 \u00a0 \u00a0 \u00a0 \u00a0 \u00a0 \u00a0 \u00a0 \u00a0 \u00a0 \u00a0 \u00a0 \u00a0 \u00a0 \u00a0 \u00a0 \u00a0 \u00a0 \u00a0 \u00a0 \u00a0 \u00a0La brigade de Luxembourg en 1992. Photo: Collection Policemus\u00e9e<\/em><\/p><p>Au fil du temps, certaines parties de la caserne \u00e9taient mises \u00e0 la disposition du commandement de l\u2019arm\u00e9e et de la NAMSA.<\/p><p>Les b\u00e2timents du garage central et du d\u00e9p\u00f4t de mat\u00e9riel de la Gendarmerie devaient par contre \u00eatre construits en dessous du plateau du Verlorenkost dans une ancienne carri\u00e8re \u00e9tatique. Celle-ci servait auparavant, notamment, de fournisseur des pierres pour la construction du pont \u00ab\u00a0Adolphe\u00a0\u00bb et ensuite de stand de tir \u00e0 la police locale \u00e9tatis\u00e9e.<br \/>A cette fin, deux b\u00e2timents, reli\u00e9s entre eux \u00e0 l\u2019avant par une passerelle et formant un ensemble en \u00ab\u00a0U\u00a0\u00bb, seront \u00e9rig\u00e9s autour d\u2019une cour presque rectangulaire. Un \u00a0troisi\u00e8me b\u00e2timent, dans lequel se trouvait le garage de r\u00e9parations m\u00e9caniques, \u00a0\u00e9tait construit au fond de cette cour sans \u00eatre reli\u00e9 aux deux autres. Au milieu de la cour du garage central se trouve une construction unique au monde: la fameuse couverture ronde en b\u00e9ton pour la pompe \u00e0 essence, surnomm\u00e9e \u00abSonneprabbeli\u00bb.<\/p><p>Afin de pouvoir acc\u00e9der plus facilement au nouveau garage de la Gendarmerie, a \u00e9t\u00e9 construite la rue Marie et Pierre Curie afin de raccorder la rue Auguste Lumi\u00e8re, sur le plateau, au Boulevard du G\u00e9n\u00e9ral George S.Patton, en contrebas.<\/p><p><em><img loading=\"lazy\" decoding=\"async\" class=\"aligncenter wp-image-5277 size-full\" src=\"https:\/\/policemusee.lu\/wp-content\/uploads\/2025\/01\/LW.png\" alt=\"\" width=\"837\" height=\"632\" srcset=\"https:\/\/policemusee.lu\/wp-content\/uploads\/2025\/01\/LW.png 837w, https:\/\/policemusee.lu\/wp-content\/uploads\/2025\/01\/LW-300x227.png 300w, https:\/\/policemusee.lu\/wp-content\/uploads\/2025\/01\/LW-768x580.png 768w, https:\/\/policemusee.lu\/wp-content\/uploads\/2025\/01\/LW-16x12.png 16w\" sizes=\"(max-width: 837px) 100vw, 837px\" \/>\u00a0<\/em><\/p><p><em style=\"font-size: 16px;\">\u00a0La Police locale \u00e9tatis\u00e9e durant un exercice de tir dans la carri\u00e8re du Verlorenkost, o\u00f9 se situe aujourd\u2019hui l\u2019ancien garage central de la Gendarmerie.<\/em><\/p><p><em>\u00a0 \u00a0 \u00a0 \u00a0 \u00a0 \u00a0 \u00a0 \u00a0 \u00a0 \u00a0 \u00a0 \u00a0 \u00a0 \u00a0 \u00a0 \u00a0 \u00a0 \u00a0 \u00a0 \u00a0 \u00a0 \u00a0 \u00a0 \u00a0 \u00a0 \u00a0 \u00a0 \u00a0 \u00a0 \u00a0 \u00a0 \u00a0 \u00a0 \u00a0 \u00a0 \u00a0 \u00a0 \u00a0 \u00a0 \u00a0 \u00a0 \u00a0 (Article du \u00ab Luxemburger Wort \u00bb du 20 novembre 1937)<\/em><\/p><p>Dans l\u2019arri\u00e8re-cour du garage se trouve encore aujourd\u2019hui l\u2019acc\u00e8s aux casemates du fort \u00ab\u00a0Neipperg\u00a0\u00bb de l\u2019ancienne forteresse de Luxembourg. Durant la seconde guerre mondiale, donc avant la construction du garage central, ces casemates servaient comme abri anti-a\u00e9rien \u00e0 la population.<\/p><p>Un \u00e9v\u00e9nement tragique y eut lieu quelques semaines seulement avant la lib\u00e9ration du Grand-Duch\u00e9. Quinze personnes r\u00e9fugi\u00e9es dans cet abri, dont six enfants, trouvaient la mort lors d\u2019une attaque a\u00e9rienne des alli\u00e9s le 9 ao\u00fbt 1944.<\/p><p><img loading=\"lazy\" decoding=\"async\" class=\"aligncenter wp-image-5282 size-full\" src=\"https:\/\/policemusee.lu\/wp-content\/uploads\/2025\/01\/Construction.png\" alt=\"\" width=\"985\" height=\"686\" srcset=\"https:\/\/policemusee.lu\/wp-content\/uploads\/2025\/01\/Construction.png 985w, https:\/\/policemusee.lu\/wp-content\/uploads\/2025\/01\/Construction-300x209.png 300w, https:\/\/policemusee.lu\/wp-content\/uploads\/2025\/01\/Construction-768x535.png 768w, https:\/\/policemusee.lu\/wp-content\/uploads\/2025\/01\/Construction-18x12.png 18w\" sizes=\"(max-width: 985px) 100vw, 985px\" \/><\/p><p><em>Construction du garage central dans l\u2019ancienne carri\u00e8re. A l\u2019avant-plan, le 3<sup>\u00e8me <\/sup>\u00a0<\/em><em style=\"font-size: 16px;\">b\u00e2timent du complexe du garage au fond de la cour. A l\u2019arri\u00e8re-plan, les\u00a0<\/em><em style=\"font-size: 16px;\">nouveaux b\u00e2timents de la Gendarmerie presque termin\u00e9s longeant la rue\u00a0<\/em><em style=\"font-size: 16px;\">Auguste Lumi\u00e8re.\u00a0 Photo\u00a0: Pol Aschman\/Phototh\u00e8que de la VDL.<\/em><\/p><p><em><img loading=\"lazy\" decoding=\"async\" class=\"aligncenter wp-image-5283 size-full\" src=\"https:\/\/policemusee.lu\/wp-content\/uploads\/2025\/01\/Sonneprabelie.png\" alt=\"\" width=\"407\" height=\"221\" srcset=\"https:\/\/policemusee.lu\/wp-content\/uploads\/2025\/01\/Sonneprabelie.png 407w, https:\/\/policemusee.lu\/wp-content\/uploads\/2025\/01\/Sonneprabelie-300x163.png 300w, https:\/\/policemusee.lu\/wp-content\/uploads\/2025\/01\/Sonneprabelie-18x10.png 18w\" sizes=\"(max-width: 407px) 100vw, 407px\" \/><\/em><\/p><p><em>Vue d\u2019ensemble \u00e0 partir du fond de la cour vers l\u2019entr\u00e9e du garage central.\u00a0<\/em><em style=\"font-size: 16px;\">Au premier plan, la station \u00e0 essence surnomm\u00e9e \u00ab\u00a0Sonneprabbeli\u00a0\u00bb, entour\u00e9e\u00a0<\/em><em style=\"font-size: 16px;\">des deux b\u00e2timents formant un \u00ab\u00a0U\u00a0\u00bb avec la passerelle. Photo\u00a0: Polinfo 01\/2012.<\/em><\/p><p>La construction du garage central s\u2019est achev\u00e9e en 1954. En 1955, l\u2019\u00e9cole de la Gendarmerie fut install\u00e9e dans une aile du garage jusqu\u2019\u00e0 son d\u00e9m\u00e9nagement, en 1968, au Centre militaire de Diekirch.<\/p><p>Au fil des ann\u00e9es, une salle d\u2019instruction, les services techniques et logistiques, l\u2019armurerie, l\u2019atelier radio\u00e9lectrique, un lavage automatique etc. ont \u00e9galement \u00e9t\u00e9 install\u00e9s dans les locaux du garage central.<\/p><p><em> <img loading=\"lazy\" decoding=\"async\" class=\"aligncenter wp-image-5284 size-full\" src=\"https:\/\/policemusee.lu\/wp-content\/uploads\/2025\/01\/Blvd-Patton.png\" alt=\"\" width=\"922\" height=\"643\" srcset=\"https:\/\/policemusee.lu\/wp-content\/uploads\/2025\/01\/Blvd-Patton.png 922w, https:\/\/policemusee.lu\/wp-content\/uploads\/2025\/01\/Blvd-Patton-300x209.png 300w, https:\/\/policemusee.lu\/wp-content\/uploads\/2025\/01\/Blvd-Patton-768x536.png 768w, https:\/\/policemusee.lu\/wp-content\/uploads\/2025\/01\/Blvd-Patton-18x12.png 18w\" sizes=\"(max-width: 922px) 100vw, 922px\" \/><\/em><\/p><p><em>Vue du Boulevard Patton sur la nouvelle rue Marie et Pierre Curie et l\u2019entr\u00e9e du garage\u00a0<\/em><em style=\"font-size: 16px;\">central de la Gendarmerie construit dans l\u2019ancienne carri\u00e8re. A l\u2019arri\u00e8re-plan, les b\u00e2timents\u00a0<\/em><em style=\"font-size: 16px;\">de la caserne de la Gendarmerie sur le plateau du Verlorenkost aux abords de \u00a0la rue Auguste <\/em><em style=\"font-size: 16px;\">Lumi\u00e8re. Photo\u00a0: Collection Froehling Fernand<\/em><\/p><p><em> <img loading=\"lazy\" decoding=\"async\" class=\"aligncenter wp-image-5285 size-full\" src=\"https:\/\/policemusee.lu\/wp-content\/uploads\/2025\/01\/Classe.png\" alt=\"\" width=\"675\" height=\"395\" srcset=\"https:\/\/policemusee.lu\/wp-content\/uploads\/2025\/01\/Classe.png 675w, https:\/\/policemusee.lu\/wp-content\/uploads\/2025\/01\/Classe-300x176.png 300w, https:\/\/policemusee.lu\/wp-content\/uploads\/2025\/01\/Classe-18x12.png 18w\" sizes=\"(max-width: 675px) 100vw, 675px\" \/><\/em><\/p><p><em>\u00a0 \u00a0 \u00a0 \u00a0 \u00a0 \u00a0 \u00a0 \u00a0 \u00a0Le\u00e7on de th\u00e9orie tenue par le capitaine Wagner dans la salle d\u2019instruction du garage <\/em><em style=\"font-size: 16px;\">central. Photo\u00a0: Collection Froehling Fernand<\/em><\/p><p>D\u00e9but 1990, un nouveau b\u00e2timent administratif pour la Gendarmerie fut construit dans la rue Marie et Pierre Curie, \u00e0 c\u00f4t\u00e9 de la Villa Hartmann, qui h\u00e9bergeait depuis 1991 l\u2019\u00c9cole de Gendarmerie et de Police. Le num\u00e9ro 1 lui est attribu\u00e9. Peu \u00e0 peu, diff\u00e9rents services de la Gendarmerie y ont trouv\u00e9 leur nouvelle demeure.<\/p><p><img loading=\"lazy\" decoding=\"async\" class=\"aligncenter wp-image-5286 size-full\" src=\"https:\/\/policemusee.lu\/wp-content\/uploads\/2025\/01\/Constrcution-1.png\" alt=\"\" width=\"760\" height=\"404\" srcset=\"https:\/\/policemusee.lu\/wp-content\/uploads\/2025\/01\/Constrcution-1.png 760w, https:\/\/policemusee.lu\/wp-content\/uploads\/2025\/01\/Constrcution-1-300x159.png 300w, https:\/\/policemusee.lu\/wp-content\/uploads\/2025\/01\/Constrcution-1-18x10.png 18w\" sizes=\"(max-width: 760px) 100vw, 760px\" \/><\/p><p><span style=\"font-size: 16px;\">\u00a0 \u00a0 \u00a0 \u00a0 \u00a0 \u00a0 \u00a0 \u00a0 \u00a0 \u00a0 \u00a0 \u00a0 \u00a0 \u00a0 \u00a0 \u00a0 \u00a0 \u00a0 \u00a0 \u00a0 \u00a0 \u00a0 \u00a0 \u00a0 \u00a0 \u00a0<\/span><em style=\"font-size: 16px;\">Chantier du nouveau b\u00e2timent administratif en d\u00e9cembre 1990. Photo: Collection Policemus\u00e9e<\/em><\/p><p><img loading=\"lazy\" decoding=\"async\" class=\"aligncenter wp-image-5287 size-full\" src=\"https:\/\/policemusee.lu\/wp-content\/uploads\/2025\/01\/Fini.png\" alt=\"\" width=\"986\" height=\"432\" srcset=\"https:\/\/policemusee.lu\/wp-content\/uploads\/2025\/01\/Fini.png 986w, https:\/\/policemusee.lu\/wp-content\/uploads\/2025\/01\/Fini-300x131.png 300w, https:\/\/policemusee.lu\/wp-content\/uploads\/2025\/01\/Fini-768x336.png 768w, https:\/\/policemusee.lu\/wp-content\/uploads\/2025\/01\/Fini-18x8.png 18w\" sizes=\"(max-width: 986px) 100vw, 986px\" \/><\/p><p><em>\u00a0 \u00a0 \u00a0 \u00a0 \u00a0 \u00a0 \u00a0 \u00a0 \u00a0 \u00a0 \u00a0 \u00a0 \u00a0 \u00a0 Le nouveau b\u00e2timent administratif de la Gendarmerie apr\u00e8s l\u2019ach\u00e8vement des travaux. <\/em><em style=\"font-size: 16px;\">Photo: Collection Policemus\u00e9e<\/em><\/p><p>Au d\u00e9but des ann\u00e9es 2000, un projet pour la construction d\u2019une nouvelle \u00ab\u00a0Cit\u00e9 polici\u00e8re\u00a0\u00bb au Verlorenkost a \u00e9t\u00e9 lanc\u00e9. Ce projet est finalement abandonn\u00e9 en 2008.<\/p><p>Apr\u00e8s la fusion de la Police et de la Gendarmerie en 2000, les b\u00e2timents du garage et des services techniques et logistiques ont \u00e9t\u00e9 repris par la Police Grand-Ducale nouvellement cr\u00e9\u00e9e. Ces locaux \u00e9tant finalement jug\u00e9s trop exigus, la Police a install\u00e9 \u00a0le garage et les services techniques et logistiques sur un nouveau site \u00e0 Hamm.<\/p><p>Apr\u00e8s le d\u00e9m\u00e9nagement de ces services, l\u2019ancien garage central au Verlorenkost accueillait le Mus\u00e9e de la Police jusqu\u2019\u00e0 son d\u00e9m\u00e9nagement \u00e0 Capellen en 2022.<br \/>Il est actuellement pr\u00e9vu d\u2019y installer le service du Garage du Gouvernement. Mais des travaux de remise en \u00e9tat et de modernisation s\u2019imposent d\u2019abord.<\/p><p>Apr\u00e8s la fusion, les b\u00e2timents sur le plateau dans la rue Auguste Lumi\u00e8re ont continu\u00e9 \u00e0 \u00eatre utilis\u00e9s un certain temps \u00e0 diverses autres fins par la Police (Ecole de Police, UGRM).<\/p><p>Il en est de m\u00eame pour l\u2019ancien b\u00e2timent administratif dans la rue Marie et Pierre Curie, construit dans les ann\u00e9es 1990 o\u00f9 se trouvent de nos jours le commissariat de Luxembourg, la direction r\u00e9gionale, la Police de la route, le service fourri\u00e8re etc.<\/p><p><em> <img loading=\"lazy\" decoding=\"async\" class=\"aligncenter wp-image-5289 size-large\" src=\"https:\/\/policemusee.lu\/wp-content\/uploads\/2025\/01\/Vue-aerienne-1024x427.jpg\" alt=\"\" width=\"1024\" height=\"427\" srcset=\"https:\/\/policemusee.lu\/wp-content\/uploads\/2025\/01\/Vue-aerienne-1024x427.jpg 1024w, https:\/\/policemusee.lu\/wp-content\/uploads\/2025\/01\/Vue-aerienne-300x125.jpg 300w, https:\/\/policemusee.lu\/wp-content\/uploads\/2025\/01\/Vue-aerienne-768x321.jpg 768w, https:\/\/policemusee.lu\/wp-content\/uploads\/2025\/01\/Vue-aerienne-18x8.jpg 18w, https:\/\/policemusee.lu\/wp-content\/uploads\/2025\/01\/Vue-aerienne.jpg 1380w\" sizes=\"(max-width: 1024px) 100vw, 1024px\" \/><\/em><\/p><p><em>Vue a\u00e9rienne actuelle de l\u2019ancien b\u00e2timent administratif de la Gendarmerie qui h\u00e9berge aujourd\u2019hui le commissariat de Luxembourg, la direction r\u00e9gionale, etc. Photo: INCA<\/em><\/p><p>En ce qui concerne les b\u00e2timents de la caserne situ\u00e9s dans la rue Auguste Lumi\u00e8re, seules les parties 17 \u00e0 19 sont encore utilis\u00e9es par la Police. Y sont h\u00e9berg\u00e9s le CNTP (Centre national de tactique polici\u00e8re), le CNC (auto-\u00e9cole) et le SNPGL.<\/p><p>Les parties 11 \u00e0 15 ne sont pas occup\u00e9es pour l\u2019instant, les parties 7 \u00e0 9 ont \u00e9t\u00e9 mises \u00e0 disposition d\u2019un collectif artistique et les parties 3 \u00e0 5 ont \u00e9t\u00e9 c\u00e9d\u00e9es \u00e0 une autre administration \u00e9tatique.<\/p><p><em> <img loading=\"lazy\" decoding=\"async\" class=\"aligncenter wp-image-5288 size-full\" src=\"https:\/\/policemusee.lu\/wp-content\/uploads\/2025\/01\/Vue-aerienne-2.png\" alt=\"\" width=\"851\" height=\"506\" srcset=\"https:\/\/policemusee.lu\/wp-content\/uploads\/2025\/01\/Vue-aerienne-2.png 851w, https:\/\/policemusee.lu\/wp-content\/uploads\/2025\/01\/Vue-aerienne-2-300x178.png 300w, https:\/\/policemusee.lu\/wp-content\/uploads\/2025\/01\/Vue-aerienne-2-768x457.png 768w, https:\/\/policemusee.lu\/wp-content\/uploads\/2025\/01\/Vue-aerienne-2-18x12.png 18w\" sizes=\"(max-width: 851px) 100vw, 851px\" \/><\/em><\/p><p><em>\u00a0 \u00a0 \u00a0 \u00a0 \u00a0 \u00a0 \u00a0 \u00a0 \u00a0 \u00a0 \u00a0 \u00a0 \u00a0 \u00a0 \u00a0 \u00a0 \u00a0 \u00a0 \u00a0 \u00a0 \u00a0Vue a\u00e9rienne sur l\u2019ancienne caserne de la Gendarmerie au Verlorenkost. <\/em><em style=\"font-size: 16px;\">Photo\u00a0: <\/em><a style=\"font-size: 16px; font-weight: inherit; background-color: #ffffff;\" href=\"http:\/\/www.map.geoportail.lu\"><em>www.map.geoportail.lu<\/em><\/a><em style=\"font-size: 16px;\"> .<\/em><\/p><p>Pendant des d\u00e9cennies, la caserne au Verlorenkost a abrit\u00e9 le c\u0153ur de la Gendarmerie. M\u00eame la dissolution de la Gendarmerie en 2000 n\u2019entravait en rien l\u2019utilit\u00e9 de cette caserne pour les forces de l\u2019ordre et elle leur sert encore jusqu\u2019\u00e0 nos jours \u00e0 des fins diverses.<\/p><p><em>\u00a0\u00a0<\/em><\/p>\t\t\t\t\t\t\t\t<\/div>\n\t\t\t\t<\/div>\n\t\t\t\t\t<\/div>\n\t\t<\/div>\n\t\t\t\t\t<\/div>\n\t\t<\/section>\n\t\t\t\t<\/div>\n\t\t","protected":false},"excerpt":{"rendered":"<p>B\u00e2timents B\u00e2timents administratifs de la GENDARMERIE et POLICE Les principaux b\u00e2timents administratifs se situent sur le site : Verlorenkost\u00a0 Virtual 3D Museum tour Ecole de Gendarmerie du III. Reich \u00e0 Freiburg im Breisgau Ecole servant \u00e0 former les gendarmes luxembourgeois pour les id\u00e9ologies des nazis (plus d\u00b4informations suivront) Sch\u00fctzenallee, 31 Heiderscheid L\u00b4ancienne brigade de Gendarmerie [&hellip;]<\/p>\n","protected":false},"author":1,"featured_media":0,"parent":0,"menu_order":0,"comment_status":"closed","ping_status":"closed","template":"","meta":{"site-sidebar-layout":"no-sidebar","site-content-layout":"page-builder","ast-site-content-layout":"default","site-content-style":"default","site-sidebar-style":"default","ast-global-header-display":"","ast-banner-title-visibility":"","ast-main-header-display":"","ast-hfb-above-header-display":"","ast-hfb-below-header-display":"","ast-hfb-mobile-header-display":"","site-post-title":"disabled","ast-breadcrumbs-content":"","ast-featured-img":"disabled","footer-sml-layout":"","theme-transparent-header-meta":"default","adv-header-id-meta":"","stick-header-meta":"","header-above-stick-meta":"","header-main-stick-meta":"","header-below-stick-meta":"","astra-migrate-meta-layouts":"default","ast-page-background-enabled":"default","ast-page-background-meta":{"desktop":{"background-color":"","background-image":"","background-repeat":"repeat","background-position":"center center","background-size":"auto","background-attachment":"scroll","background-type":"","background-media":"","overlay-type":"","overlay-color":"","overlay-opacity":"","overlay-gradient":""},"tablet":{"background-color":"","background-image":"","background-repeat":"repeat","background-position":"center center","background-size":"auto","background-attachment":"scroll","background-type":"","background-media":"","overlay-type":"","overlay-color":"","overlay-opacity":"","overlay-gradient":""},"mobile":{"background-color":"","background-image":"","background-repeat":"repeat","background-position":"center center","background-size":"auto","background-attachment":"scroll","background-type":"","background-media":"","overlay-type":"","overlay-color":"","overlay-opacity":"","overlay-gradient":""}},"ast-content-background-meta":{"desktop":{"background-color":"var(--ast-global-color-5)","background-image":"","background-repeat":"repeat","background-position":"center center","background-size":"auto","background-attachment":"scroll","background-type":"","background-media":"","overlay-type":"","overlay-color":"","overlay-opacity":"","overlay-gradient":""},"tablet":{"background-color":"var(--ast-global-color-5)","background-image":"","background-repeat":"repeat","background-position":"center center","background-size":"auto","background-attachment":"scroll","background-type":"","background-media":"","overlay-type":"","overlay-color":"","overlay-opacity":"","overlay-gradient":""},"mobile":{"background-color":"var(--ast-global-color-5)","background-image":"","background-repeat":"repeat","background-position":"center center","background-size":"auto","background-attachment":"scroll","background-type":"","background-media":"","overlay-type":"","overlay-color":"","overlay-opacity":"","overlay-gradient":""}},"vkexunit_cta_each_option":"","footnotes":""},"class_list":["post-793","page","type-page","status-publish","hentry"],"_links":{"self":[{"href":"https:\/\/policemusee.lu\/index.php?rest_route=\/wp\/v2\/pages\/793","targetHints":{"allow":["GET"]}}],"collection":[{"href":"https:\/\/policemusee.lu\/index.php?rest_route=\/wp\/v2\/pages"}],"about":[{"href":"https:\/\/policemusee.lu\/index.php?rest_route=\/wp\/v2\/types\/page"}],"author":[{"embeddable":true,"href":"https:\/\/policemusee.lu\/index.php?rest_route=\/wp\/v2\/users\/1"}],"replies":[{"embeddable":true,"href":"https:\/\/policemusee.lu\/index.php?rest_route=%2Fwp%2Fv2%2Fcomments&post=793"}],"version-history":[{"count":69,"href":"https:\/\/policemusee.lu\/index.php?rest_route=\/wp\/v2\/pages\/793\/revisions"}],"predecessor-version":[{"id":5300,"href":"https:\/\/policemusee.lu\/index.php?rest_route=\/wp\/v2\/pages\/793\/revisions\/5300"}],"wp:attachment":[{"href":"https:\/\/policemusee.lu\/index.php?rest_route=%2Fwp%2Fv2%2Fmedia&parent=793"}],"curies":[{"name":"wp","href":"https:\/\/api.w.org\/{rel}","templated":true}]}}